{"id":85,"date":"2025-08-11T20:27:52","date_gmt":"2025-08-11T20:27:52","guid":{"rendered":"https:\/\/expoplasticos.mx\/2026\/?page_id=85"},"modified":"2026-03-20T21:52:41","modified_gmt":"2026-03-20T21:52:41","slug":"conferencias","status":"publish","type":"page","link":"https:\/\/expoplasticos.mx\/2026\/conferencias\/","title":{"rendered":"CONFERENCIAS"},"content":{"rendered":"<p>[et_pb_section fb_built=\u00bb1&#8243; _builder_version=\u00bb4.27.4&#8243; _module_preset=\u00bbdefault\u00bb background_color=\u00bb#e5f5ff\u00bb custom_padding=\u00bb10px||17px|||\u00bb da_disable_devices=\u00bboff|off|off\u00bb global_colors_info=\u00bb{}\u00bb da_is_popup=\u00bboff\u00bb da_exit_intent=\u00bboff\u00bb da_has_close=\u00bbon\u00bb da_alt_close=\u00bboff\u00bb da_dark_close=\u00bboff\u00bb da_not_modal=\u00bbon\u00bb da_is_singular=\u00bboff\u00bb da_with_loader=\u00bboff\u00bb da_has_shadow=\u00bbon\u00bb][et_pb_row _builder_version=\u00bb4.27.4&#8243; _module_preset=\u00bbdefault\u00bb custom_padding=\u00bb0px||7px|||\u00bb global_colors_info=\u00bb{}\u00bb][et_pb_column type=\u00bb4_4&#8243; _builder_version=\u00bb4.27.4&#8243; _module_preset=\u00bbdefault\u00bb global_colors_info=\u00bb{}\u00bb][et_pb_text _builder_version=\u00bb4.27.4&#8243; _module_preset=\u00bb_initial\u00bb header_2_font=\u00bbOswald|||on|||||\u00bb header_2_font_size=\u00bb40px\u00bb header_2_letter_spacing=\u00bb1px\u00bb header_2_line_height=\u00bb1.5em\u00bb custom_margin=\u00bb||1px||false|false\u00bb custom_padding=\u00bb0px||0px|||\u00bb header_2_font_size_tablet=\u00bb32px\u00bb header_2_font_size_phone=\u00bb20px\u00bb header_2_font_size_last_edited=\u00bbon|desktop\u00bb global_colors_info=\u00bb{}\u00bb]<\/p>\n<h2 style=\"text-align: center;\">conferencias especializadas<\/h2>\n<p>[\/et_pb_text][et_pb_text _builder_version=\u00bb4.27.4&#8243; _module_preset=\u00bbdefault\u00bb header_line_height=\u00bb5em\u00bb header_2_line_height=\u00bb1.3em\u00bb global_colors_info=\u00bb{}\u00bb]<\/p>\n<h2 class=\"p1\" style=\"text-align: center;\"><strong>Bienvenido al Ciclo de Conferencias Especializadas de Expo Pl\u00e1sticos 2026<\/strong><\/h2>\n<p style=\"text-align: center;\"><strong>No te pierdas esta oportunidad \u00fanica para obtener conocimiento estrat\u00e9gico y herramientas clave para mantener tu empresa competitiva en el ciclo de conferencias especializadas.<\/strong><\/p>\n<p>[\/et_pb_text][\/et_pb_column][\/et_pb_row][\/et_pb_section][et_pb_section fb_built=\u00bb1&#8243; _builder_version=\u00bb4.27.4&#8243; _module_preset=\u00bbdefault\u00bb background_color=\u00bb#FFFFFF\u00bb min_height=\u00bb219.8px\u00bb custom_padding=\u00bb13px||35px|||\u00bb da_disable_devices=\u00bboff|off|off\u00bb global_colors_info=\u00bb{}\u00bb da_is_popup=\u00bboff\u00bb da_exit_intent=\u00bboff\u00bb da_has_close=\u00bbon\u00bb da_alt_close=\u00bboff\u00bb da_dark_close=\u00bboff\u00bb da_not_modal=\u00bbon\u00bb da_is_singular=\u00bboff\u00bb da_with_loader=\u00bboff\u00bb da_has_shadow=\u00bbon\u00bb][et_pb_row _builder_version=\u00bb4.27.4&#8243; _module_preset=\u00bbdefault\u00bb background_color=\u00bb#E09900&#8243; width_tablet=\u00bb\u00bb width_phone=\u00bb95%\u00bb width_last_edited=\u00bbon|phone\u00bb custom_margin=\u00bb|auto|29px|auto||\u00bb custom_padding=\u00bb||15px|||\u00bb global_colors_info=\u00bb{}\u00bb][et_pb_column type=\u00bb4_4&#8243; _builder_version=\u00bb4.27.4&#8243; _module_preset=\u00bbdefault\u00bb global_colors_info=\u00bb{}\u00bb][et_pb_text _builder_version=\u00bb4.27.4&#8243; _module_preset=\u00bbdefault\u00bb text_font=\u00bbBebas Neue||||||||\u00bb text_text_color=\u00bb#FFFFFF\u00bb text_font_size=\u00bb38px\u00bb text_orientation=\u00bbcenter\u00bb custom_margin=\u00bb||7px|||\u00bb global_colors_info=\u00bb{}\u00bb]<\/p>\n<p>MARTES 24 DE MARZO 2026<\/p>\n<p>[\/et_pb_text][\/et_pb_column][\/et_pb_row][et_pb_row column_structure=\u00bb1_3,2_3&#8243; _builder_version=\u00bb4.27.4&#8243; _module_preset=\u00bbdefault\u00bb min_height=\u00bb210.9px\u00bb border_width_bottom=\u00bb1px\u00bb global_colors_info=\u00bb{}\u00bb][et_pb_column type=\u00bb1_3&#8243; _builder_version=\u00bb4.27.4&#8243; _module_preset=\u00bbdefault\u00bb global_colors_info=\u00bb{}\u00bb][et_pb_text _builder_version=\u00bb4.27.4&#8243; _module_preset=\u00bbdefault\u00bb custom_margin=\u00bb||4px|||\u00bb border_color_bottom=\u00bb#E09900&#8243; global_colors_info=\u00bb{}\u00bb]<\/p>\n<h2 class=\"p1\"><span style=\"color: #e09900;\"><strong><img loading=\"lazy\" decoding=\"async\" src=\"https:\/\/expoplasticos.mx\/2026\/wp-content\/uploads\/2025\/08\/FlechaBullet-1.png\" width=\"9\" height=\"15\" alt=\"\" class=\"wp-image-987492065 alignnone size-full\" \/> <\/strong><\/span><span style=\"color: #e09d00;\"><strong><span style=\"font-size: medium; color: #666666;\">Horario:<br \/><\/span><\/strong><\/span><span style=\"color: #e09900;\"><strong>12:00 a 13:30 hrs.<\/strong><\/span><\/h2>\n<p>[\/et_pb_text][et_pb_blurb title=\u00bbPonente\u00bb image_icon_background_color=\u00bb#000000&#8243; image=\u00bbhttps:\/\/expoplasticos.mx\/2026\/wp-content\/uploads\/2025\/11\/Andrea-Carraza-1.webp\u00bb icon_placement=\u00bbleft\u00bb image_icon_width=\u00bb91px\u00bb content_max_width=\u00bb100%\u00bb image_icon_width_tablet=\u00bb48px\u00bb image_icon_width_phone=\u00bb48px\u00bb image_icon_width_last_edited=\u00bbon|phone\u00bb module_id=\u00bbbio\u00bb module_class=\u00bbbio\u00bb _builder_version=\u00bb4.27.4&#8243; _module_preset=\u00bb896b174a-9f2e-4e51-9b1c-d942bf8dce05&#8243; header_font=\u00bbPoppins|600||on|||||\u00bb header_text_color=\u00bb#0C71C3&#8243; header_font_size=\u00bb12px\u00bb header_letter_spacing=\u00bb2px\u00bb header_line_height=\u00bb1.2em\u00bb body_font=\u00bbRubik|300||on|||||\u00bb body_text_color=\u00bb#000000&#8243; body_font_size=\u00bb15px\u00bb body_line_height=\u00bb1em\u00bb background_layout=\u00bbdark\u00bb custom_margin=\u00bb||11px|||\u00bb custom_padding=\u00bb17px|15px|7px|||\u00bb animation=\u00bboff\u00bb header_font_size_tablet=\u00bb16px\u00bb header_font_size_phone=\u00bb14px\u00bb header_font_size_last_edited=\u00bbon|desktop\u00bb body_font_size_tablet=\u00bb20px\u00bb body_font_size_phone=\u00bb18px\u00bb body_font_size_last_edited=\u00bbon|phone\u00bb border_radii_image=\u00bbon|60px|60px|60px|60px\u00bb border_width_all_image=\u00bb3px\u00bb border_color_all_image=\u00bb#007FE0&#8243; image_max_width=\u00bb64px\u00bb image_max_width_tablet=\u00bb48px\u00bb image_max_width_phone=\u00bb\u00bb image_max_width_last_edited=\u00bbon|phone\u00bb locked=\u00bboff\u00bb global_colors_info=\u00bb{}\u00bb]<\/p>\n<p class=\"p1\"><strong>Andrea Carraza<\/strong><\/p>\n<p class=\"p1\">Editora de la Revista Tecnolog\u00eda del Pl\u00e1stico<\/p>\n<p class=\"p1\"><img loading=\"lazy\" decoding=\"async\" src=\"https:\/\/expoplasticos.mx\/2026\/wp-content\/uploads\/2025\/11\/Logo-TP-1-1-150x46.webp\" width=\"150\" height=\"46\" alt=\"\" class=\"wp-image-987494699 alignnone size-thumbnail\" srcset=\"https:\/\/expoplasticos.mx\/2026\/wp-content\/uploads\/2025\/11\/Logo-TP-1-1-150x46.webp 150w, https:\/\/expoplasticos.mx\/2026\/wp-content\/uploads\/2025\/11\/Logo-TP-1-1.webp 155w\" sizes=\"(max-width: 150px) 100vw, 150px\" \/><\/p>\n<p>[\/et_pb_blurb][\/et_pb_column][et_pb_column type=\u00bb2_3&#8243; _builder_version=\u00bb4.27.4&#8243; _module_preset=\u00bbdefault\u00bb global_colors_info=\u00bb{}\u00bb][et_pb_text _builder_version=\u00bb4.27.4&#8243; _module_preset=\u00bbdefault\u00bb header_font_size=\u00bb25px\u00bb custom_margin=\u00bb||9px|||\u00bb custom_padding=\u00bb|24px|2px|||\u00bb global_colors_info=\u00bb{}\u00bb]<\/p>\n<h1><strong>Conectar t\u00e1ctica con historias: el camino para un marketing efectivo en la industria del pl\u00e1stico.<\/strong><\/h1>\n<p class=\"p1\">Mostrar c\u00f3mo el storytelling y el marketing de contenidos pueden alinear la t\u00e1ctica con la esencia de las empresas del sector pl\u00e1stico, ayud\u00e1ndolas a posicionarse con autenticidad, visibilidad y prop\u00f3sito en un mercado cada vez m\u00e1s digital y competitivo.<\/p>\n<p>[\/et_pb_text][et_pb_button button_url=\u00bbhttps:\/\/expoplasticos.mx\/2026\/conectar-tactica-con-historias-el-camino-para-un-marketing-efectivo-en-la-industria-del-plastico\/\u00bb button_text=\u00bbLeer m\u00e1s\u00bb button_alignment=\u00bbright\u00bb module_id=\u00bbboton\u00bb module_class=\u00bbboton\u00bb _builder_version=\u00bb4.27.4&#8243; _module_preset=\u00bbdefault\u00bb custom_button=\u00bbon\u00bb button_text_size=\u00bb13px\u00bb button_text_color=\u00bb#FFFFFF\u00bb button_bg_color=\u00bb#0C71C3&#8243; button_border_width=\u00bb0px\u00bb custom_margin=\u00bb|28px|||false|false\u00bb custom_padding=\u00bb||||false|false\u00bb global_colors_info=\u00bb{}\u00bb][\/et_pb_button][\/et_pb_column][\/et_pb_row][et_pb_row column_structure=\u00bb1_3,2_3&#8243; _builder_version=\u00bb4.27.4&#8243; _module_preset=\u00bbdefault\u00bb min_height=\u00bb210.9px\u00bb border_width_bottom=\u00bb1px\u00bb global_colors_info=\u00bb{}\u00bb][et_pb_column type=\u00bb1_3&#8243; _builder_version=\u00bb4.27.4&#8243; _module_preset=\u00bbdefault\u00bb global_colors_info=\u00bb{}\u00bb][et_pb_text _builder_version=\u00bb4.27.4&#8243; _module_preset=\u00bbdefault\u00bb custom_margin=\u00bb||4px|||\u00bb border_color_bottom=\u00bb#E09900&#8243; global_colors_info=\u00bb{}\u00bb]<\/p>\n<h2 class=\"p1\"><span style=\"color: #e09900;\"><strong><img loading=\"lazy\" decoding=\"async\" src=\"https:\/\/expoplasticos.mx\/2026\/wp-content\/uploads\/2025\/08\/FlechaBullet-1.png\" width=\"9\" height=\"15\" alt=\"\" class=\"wp-image-987492065 alignnone size-full\" \/> <\/strong><\/span><span style=\"color: #e09d00;\"><strong><span style=\"font-size: medium; color: #666666;\">Horario:<br \/><\/span><\/strong><\/span><span style=\"color: #e09900;\"><strong>15:00 a 15:30 hrs.<\/strong><\/span><\/h2>\n<p>[\/et_pb_text][et_pb_blurb title=\u00bbPonente\u00bb image_icon_background_color=\u00bb#000000&#8243; image=\u00bbhttps:\/\/expoplasticos.mx\/2026\/wp-content\/uploads\/2026\/03\/Pierino-Martinato.webp\u00bb icon_placement=\u00bbleft\u00bb image_icon_width=\u00bb91px\u00bb content_max_width=\u00bb100%\u00bb image_icon_width_tablet=\u00bb48px\u00bb image_icon_width_phone=\u00bb48px\u00bb image_icon_width_last_edited=\u00bbon|phone\u00bb module_id=\u00bbbio\u00bb module_class=\u00bbbio\u00bb _builder_version=\u00bb4.27.4&#8243; _module_preset=\u00bb896b174a-9f2e-4e51-9b1c-d942bf8dce05&#8243; header_font=\u00bbPoppins|600||on|||||\u00bb header_text_color=\u00bb#0C71C3&#8243; header_font_size=\u00bb12px\u00bb header_letter_spacing=\u00bb2px\u00bb header_line_height=\u00bb1.2em\u00bb body_font=\u00bbRubik|300||on|||||\u00bb body_text_color=\u00bb#000000&#8243; body_font_size=\u00bb15px\u00bb body_line_height=\u00bb1em\u00bb background_layout=\u00bbdark\u00bb custom_margin=\u00bb||11px|||\u00bb custom_padding=\u00bb17px|15px|7px|||\u00bb animation=\u00bboff\u00bb hover_enabled=\u00bb0&#8243; header_font_size_tablet=\u00bb16px\u00bb header_font_size_phone=\u00bb14px\u00bb header_font_size_last_edited=\u00bbon|desktop\u00bb body_font_size_tablet=\u00bb20px\u00bb body_font_size_phone=\u00bb18px\u00bb body_font_size_last_edited=\u00bbon|phone\u00bb border_radii_image=\u00bbon|60px|60px|60px|60px\u00bb border_width_all_image=\u00bb3px\u00bb border_color_all_image=\u00bb#007FE0&#8243; image_max_width=\u00bb64px\u00bb image_max_width_tablet=\u00bb48px\u00bb image_max_width_phone=\u00bb\u00bb image_max_width_last_edited=\u00bbon|phone\u00bb locked=\u00bboff\u00bb global_colors_info=\u00bb{}\u00bb sticky_enabled=\u00bb0&#8243;]<\/p>\n<p class=\"p1\"><strong>Pierino Martinato<\/strong><\/p>\n<p class=\"p1\">Division Manager, PET Preforms &amp; Bottles<\/p>\n<p class=\"p1\"><img loading=\"lazy\" decoding=\"async\" src=\"https:\/\/expoplasticos.mx\/2026\/wp-content\/uploads\/2026\/03\/Logo_Piovan.webp\" width=\"155\" height=\"34\" alt=\"\" class=\"wp-image-987497627 alignnone size-full\" srcset=\"https:\/\/expoplasticos.mx\/2026\/wp-content\/uploads\/2026\/03\/Logo_Piovan.webp 155w, https:\/\/expoplasticos.mx\/2026\/wp-content\/uploads\/2026\/03\/Logo_Piovan-150x34.webp 150w\" sizes=\"(max-width: 155px) 100vw, 155px\" \/><\/p>\n<p>[\/et_pb_blurb][\/et_pb_column][et_pb_column type=\u00bb2_3&#8243; _builder_version=\u00bb4.27.4&#8243; _module_preset=\u00bbdefault\u00bb global_colors_info=\u00bb{}\u00bb][et_pb_text _builder_version=\u00bb4.27.4&#8243; _module_preset=\u00bbdefault\u00bb header_font_size=\u00bb25px\u00bb custom_margin=\u00bb||9px|||\u00bb custom_padding=\u00bb|24px|2px|||\u00bb global_colors_info=\u00bb{}\u00bb]<\/p>\n<h1><strong>GN\u00b3 Secado a tres etapas de temperatura para cambios r\u00e1pidos<\/strong><\/h1>\n<p class=\"p1\">Los procesadores de PET y rPET se ven sometidos a una presi\u00f3n cada vez mayor para acortar los cambios de resina, reducir el consumo de energ\u00eda y garantizar un rendimiento de secado constante, al tiempo que cumplen los requisitos de conformidad con los COV y los objetivos de calidad. Para hacer frente a estos retos, Piovan ha presentado GN\u00b3, el sistema de secado en tres etapas dise\u00f1ado para proporcionar una deshumidificaci\u00f3n suave y profunda mediante un perfil de temperatura progresivo.<\/p>\n<p>[\/et_pb_text][et_pb_button button_url=\u00bbhttps:\/\/expoplasticos.mx\/2026\/gn%c2%b3-secado-a-tres-etapas-de-temperatura-para-cambios-rapidos\/\u00bb button_text=\u00bbLeer m\u00e1s\u00bb button_alignment=\u00bbright\u00bb module_id=\u00bbboton\u00bb module_class=\u00bbboton\u00bb _builder_version=\u00bb4.27.4&#8243; _module_preset=\u00bbdefault\u00bb custom_button=\u00bbon\u00bb button_text_size=\u00bb13px\u00bb button_text_color=\u00bb#FFFFFF\u00bb button_bg_color=\u00bb#0C71C3&#8243; button_border_width=\u00bb0px\u00bb custom_margin=\u00bb|28px|||false|false\u00bb custom_padding=\u00bb||||false|false\u00bb global_colors_info=\u00bb{}\u00bb][\/et_pb_button][\/et_pb_column][\/et_pb_row][et_pb_row column_structure=\u00bb1_3,2_3&#8243; _builder_version=\u00bb4.27.4&#8243; _module_preset=\u00bbdefault\u00bb min_height=\u00bb210.9px\u00bb border_width_bottom=\u00bb1px\u00bb global_colors_info=\u00bb{}\u00bb][et_pb_column type=\u00bb1_3&#8243; _builder_version=\u00bb4.27.4&#8243; _module_preset=\u00bbdefault\u00bb global_colors_info=\u00bb{}\u00bb][et_pb_text _builder_version=\u00bb4.27.4&#8243; _module_preset=\u00bbdefault\u00bb text_text_color=\u00bb#0C71C3&#8243; text_font_size=\u00bb21px\u00bb custom_margin=\u00bb||20px||false|false\u00bb custom_padding=\u00bb||0px|12px||\u00bb global_colors_info=\u00bb{}\u00bb]<\/p>\n<h2 class=\"p1\"><span style=\"color: #e09900;\"><strong><img loading=\"lazy\" decoding=\"async\" src=\"https:\/\/expoplasticos.mx\/2026\/wp-content\/uploads\/2025\/08\/FlechaBullet-1.png\" width=\"9\" height=\"15\" alt=\"\" class=\"wp-image-987492065 alignnone size-full\" \/> <\/strong><\/span><span style=\"color: #e09d00;\"><strong><span style=\"font-size: medium; color: #666666;\">Horario:<br \/><\/span><\/strong><\/span><span style=\"color: #e09900;\"><strong>16:00 a 16:45 hrs.<\/strong><\/span><\/h2>\n<p>[\/et_pb_text][et_pb_blurb title=\u00bbPonente\u00bb image_icon_background_color=\u00bb#000000&#8243; image=\u00bbhttps:\/\/expoplasticos.mx\/2026\/wp-content\/uploads\/2025\/08\/3.-Javier-Perdomo.webp\u00bb icon_placement=\u00bbleft\u00bb image_icon_width=\u00bb91px\u00bb content_max_width=\u00bb100%\u00bb image_icon_width_tablet=\u00bb48px\u00bb image_icon_width_phone=\u00bb48px\u00bb image_icon_width_last_edited=\u00bbon|phone\u00bb module_id=\u00bbbio\u00bb module_class=\u00bbbio\u00bb _builder_version=\u00bb4.27.4&#8243; _module_preset=\u00bb896b174a-9f2e-4e51-9b1c-d942bf8dce05&#8243; header_font=\u00bbPoppins|600||on|||||\u00bb header_text_color=\u00bb#0C71C3&#8243; header_font_size=\u00bb12px\u00bb header_letter_spacing=\u00bb2px\u00bb header_line_height=\u00bb1.2em\u00bb body_font=\u00bbRubik|300||on|||||\u00bb body_text_color=\u00bb#000000&#8243; body_font_size=\u00bb15px\u00bb body_line_height=\u00bb1em\u00bb background_layout=\u00bbdark\u00bb custom_padding=\u00bb|15px||||\u00bb animation=\u00bboff\u00bb hover_enabled=\u00bb0&#8243; header_font_size_tablet=\u00bb16px\u00bb header_font_size_phone=\u00bb14px\u00bb header_font_size_last_edited=\u00bbon|desktop\u00bb body_font_size_tablet=\u00bb20px\u00bb body_font_size_phone=\u00bb18px\u00bb body_font_size_last_edited=\u00bbon|phone\u00bb border_radii_image=\u00bbon|60px|60px|60px|60px\u00bb border_width_all_image=\u00bb3px\u00bb border_color_all_image=\u00bb#007FE0&#8243; image_max_width=\u00bb64px\u00bb image_max_width_tablet=\u00bb48px\u00bb image_max_width_phone=\u00bb\u00bb image_max_width_last_edited=\u00bbon|phone\u00bb locked=\u00bboff\u00bb global_colors_info=\u00bb{}\u00bb sticky_enabled=\u00bb0&#8243;]<\/p>\n<p class=\"p1\"><strong>Javier Perdomo<\/strong><\/p>\n<p class=\"p1\">CEO y Fundador Obsidian Business Lab<\/p>\n<p class=\"p1\"><img loading=\"lazy\" decoding=\"async\" src=\"https:\/\/expoplasticos.mx\/2026\/wp-content\/uploads\/2026\/03\/obsidian.webp\" width=\"122\" height=\"37\" alt=\"\" class=\"wp-image-987498472 alignnone size-full\" srcset=\"https:\/\/expoplasticos.mx\/2026\/wp-content\/uploads\/2026\/03\/obsidian.webp 155w, https:\/\/expoplasticos.mx\/2026\/wp-content\/uploads\/2026\/03\/obsidian-150x47.webp 150w\" sizes=\"(max-width: 122px) 100vw, 122px\" \/><\/p>\n<p>[\/et_pb_blurb][\/et_pb_column][et_pb_column type=\u00bb2_3&#8243; _builder_version=\u00bb4.27.4&#8243; _module_preset=\u00bbdefault\u00bb global_colors_info=\u00bb{}\u00bb][et_pb_text _builder_version=\u00bb4.27.4&#8243; _module_preset=\u00bbdefault\u00bb header_font_size=\u00bb25px\u00bb custom_margin=\u00bb||9px|||\u00bb custom_padding=\u00bb|24px||||\u00bb global_colors_info=\u00bb{}\u00bb]<\/p>\n<h1><span><strong>Sistemas de Optimizaci\u00f3n de Costos.<\/strong><br \/><\/span><\/h1>\n<p><span>Presentar contenido relevante con respecto a la optimizaci\u00f3n de costos para las empresas, basados en 4 pilares: <\/span><\/p>\n<p><span>1. Proceso de compra de materia prima e insumos <br \/><\/span><span>2. Proceso productivo a trav\u00e9s de control de variables y de gerencia productiva <br \/><\/span><span>3. Proceso de mantenimiento de equipos y gesti\u00f3n de activos <br \/><\/span><span>4.Headcount y productividad de operarios y nivel supervisor.<\/span><\/p>\n<p>[\/et_pb_text][et_pb_button button_url=\u00bbhttps:\/\/expoplasticos.mx\/2026\/sistemas-de-optimizacion-de-costos\/\u00bb button_text=\u00bbLeer m\u00e1s\u00bb button_alignment=\u00bbright\u00bb module_id=\u00bbboton\u00bb module_class=\u00bbboton\u00bb _builder_version=\u00bb4.27.4&#8243; _module_preset=\u00bbdefault\u00bb custom_button=\u00bbon\u00bb button_text_size=\u00bb13px\u00bb button_text_color=\u00bb#FFFFFF\u00bb button_bg_color=\u00bb#0C71C3&#8243; button_border_width=\u00bb0px\u00bb custom_margin=\u00bb|28px|||false|false\u00bb custom_padding=\u00bb||||false|false\u00bb global_colors_info=\u00bb{}\u00bb][\/et_pb_button][\/et_pb_column][\/et_pb_row][et_pb_row column_structure=\u00bb1_3,2_3&#8243; _builder_version=\u00bb4.27.4&#8243; _module_preset=\u00bbdefault\u00bb min_height=\u00bb210.9px\u00bb border_width_bottom=\u00bb1px\u00bb global_colors_info=\u00bb{}\u00bb][et_pb_column type=\u00bb1_3&#8243; _builder_version=\u00bb4.27.4&#8243; _module_preset=\u00bbdefault\u00bb global_colors_info=\u00bb{}\u00bb][et_pb_text _builder_version=\u00bb4.27.4&#8243; _module_preset=\u00bbdefault\u00bb text_text_color=\u00bb#0C71C3&#8243; text_font_size=\u00bb21px\u00bb custom_margin=\u00bb||20px||false|false\u00bb custom_padding=\u00bb||0px|12px||\u00bb global_colors_info=\u00bb{}\u00bb]<\/p>\n<h2 class=\"p1\"><span style=\"color: #e09900;\"><strong><img loading=\"lazy\" decoding=\"async\" src=\"https:\/\/expoplasticos.mx\/2026\/wp-content\/uploads\/2025\/08\/FlechaBullet-1.png\" width=\"9\" height=\"15\" alt=\"\" class=\"wp-image-987492065 alignnone size-full\" \/> <\/strong><\/span><span style=\"color: #e09d00;\"><strong><span style=\"font-size: medium; color: #666666;\">Horario:<br \/><\/span><\/strong><\/span><span style=\"color: #e09900;\"><strong>17:00 a 17:50 hrs.<\/strong><\/span><\/h2>\n<p>[\/et_pb_text][et_pb_blurb title=\u00bbPonente\u00bb image_icon_background_color=\u00bb#000000&#8243; image=\u00bbhttps:\/\/expoplasticos.mx\/2026\/wp-content\/uploads\/2025\/08\/AGAMA-.webp\u00bb icon_placement=\u00bbleft\u00bb image_icon_width=\u00bb91px\u00bb content_max_width=\u00bb100%\u00bb image_icon_width_tablet=\u00bb48px\u00bb image_icon_width_phone=\u00bb48px\u00bb image_icon_width_last_edited=\u00bbon|desktop\u00bb module_id=\u00bbbio\u00bb module_class=\u00bbbio\u00bb _builder_version=\u00bb4.27.4&#8243; _module_preset=\u00bb896b174a-9f2e-4e51-9b1c-d942bf8dce05&#8243; header_font=\u00bbPoppins|600||on|||||\u00bb header_text_color=\u00bb#0C71C3&#8243; header_font_size=\u00bb12px\u00bb header_letter_spacing=\u00bb2px\u00bb header_line_height=\u00bb1.2em\u00bb body_font=\u00bbRubik|300||on|||||\u00bb body_text_color=\u00bb#000000&#8243; body_font_size=\u00bb15px\u00bb body_line_height=\u00bb1em\u00bb background_layout=\u00bbdark\u00bb custom_padding=\u00bb|15px||||\u00bb animation=\u00bboff\u00bb header_font_size_tablet=\u00bb16px\u00bb header_font_size_phone=\u00bb14px\u00bb header_font_size_last_edited=\u00bbon|desktop\u00bb body_font_size_tablet=\u00bb20px\u00bb body_font_size_phone=\u00bb18px\u00bb body_font_size_last_edited=\u00bbon|phone\u00bb border_radii_image=\u00bbon|60px|60px|60px|60px\u00bb border_width_all_image=\u00bb3px\u00bb border_color_all_image=\u00bb#007FE0&#8243; image_max_width=\u00bb64px\u00bb image_max_width_tablet=\u00bb48px\u00bb image_max_width_phone=\u00bb\u00bb image_max_width_last_edited=\u00bbon|phone\u00bb locked=\u00bboff\u00bb global_colors_info=\u00bb{}\u00bb]<\/p>\n<p class=\"p1\"><strong>\u00c1ngel Palma<\/strong><\/p>\n<p class=\"p1\">Director Comercial de Agama-Pigmentos &amp; Masterbatch<\/p>\n<p class=\"p1\"><img loading=\"lazy\" decoding=\"async\" src=\"https:\/\/expoplasticos.mx\/2026\/wp-content\/uploads\/2025\/11\/Copia-de-Agama-1-150x54.webp\" width=\"150\" height=\"54\" alt=\"\" class=\"wp-image-987494707 alignnone size-thumbnail\" \/><\/p>\n<p>[\/et_pb_blurb][\/et_pb_column][et_pb_column type=\u00bb2_3&#8243; _builder_version=\u00bb4.27.4&#8243; _module_preset=\u00bbdefault\u00bb global_colors_info=\u00bb{}\u00bb][et_pb_text _builder_version=\u00bb4.27.4&#8243; _module_preset=\u00bbdefault\u00bb header_font_size=\u00bb25px\u00bb custom_margin=\u00bb||9px|||\u00bb custom_padding=\u00bb|24px||||\u00bb global_colors_info=\u00bb{}\u00bb]<\/p>\n<h1><strong>Colores Rebeldes y Pl\u00e1sticos Obedientes: Lo que el cat\u00e1logo no te cuenta.<\/strong><\/h1>\n<p>Compartir, de forma din\u00e1mica y pr\u00e1ctica, tips, historias reales sobre el color y algunos datos de industria del pl\u00e1stico.<\/p>\n<p>[\/et_pb_text][et_pb_button button_url=\u00bbhttps:\/\/expoplasticos.mx\/2026\/colores-rebeldes-y-plasticos-obedientes-lo-que-el-catalogo-no-te-cuenta\/\u00bb button_text=\u00bbLeer m\u00e1s\u00bb button_alignment=\u00bbright\u00bb module_id=\u00bbboton\u00bb module_class=\u00bbboton\u00bb _builder_version=\u00bb4.27.4&#8243; _module_preset=\u00bbdefault\u00bb custom_button=\u00bbon\u00bb button_text_size=\u00bb13px\u00bb button_text_color=\u00bb#FFFFFF\u00bb button_bg_color=\u00bb#0C71C3&#8243; button_border_width=\u00bb0px\u00bb custom_margin=\u00bb|28px|||false|false\u00bb custom_padding=\u00bb||||false|false\u00bb global_colors_info=\u00bb{}\u00bb][\/et_pb_button][\/et_pb_column][\/et_pb_row][et_pb_row _builder_version=\u00bb4.27.4&#8243; _module_preset=\u00bbdefault\u00bb background_color=\u00bb#8300E9&#8243; width_tablet=\u00bb\u00bb width_phone=\u00bb95%\u00bb width_last_edited=\u00bbon|phone\u00bb custom_margin=\u00bb|auto|29px|auto||\u00bb custom_padding=\u00bb||15px|||\u00bb global_colors_info=\u00bb{}\u00bb][et_pb_column type=\u00bb4_4&#8243; _builder_version=\u00bb4.27.4&#8243; _module_preset=\u00bbdefault\u00bb global_colors_info=\u00bb{}\u00bb][et_pb_text _builder_version=\u00bb4.27.4&#8243; _module_preset=\u00bbdefault\u00bb text_font=\u00bbBebas Neue||||||||\u00bb text_text_color=\u00bb#FFFFFF\u00bb text_font_size=\u00bb38px\u00bb text_orientation=\u00bbcenter\u00bb custom_margin=\u00bb||7px|||\u00bb global_colors_info=\u00bb{}\u00bb]<\/p>\n<p>MIERCOLES 25 DE MARZO 2026<\/p>\n<p>[\/et_pb_text][\/et_pb_column][\/et_pb_row][et_pb_row column_structure=\u00bb1_3,2_3&#8243; _builder_version=\u00bb4.27.4&#8243; _module_preset=\u00bbdefault\u00bb min_height=\u00bb210.9px\u00bb border_width_bottom=\u00bb1px\u00bb global_colors_info=\u00bb{}\u00bb][et_pb_column type=\u00bb1_3&#8243; _builder_version=\u00bb4.27.4&#8243; _module_preset=\u00bbdefault\u00bb global_colors_info=\u00bb{}\u00bb][et_pb_text _builder_version=\u00bb4.27.4&#8243; _module_preset=\u00bbdefault\u00bb text_text_color=\u00bb#0C71C3&#8243; text_font_size=\u00bb21px\u00bb custom_margin=\u00bb||20px||false|false\u00bb custom_padding=\u00bb||0px|12px||\u00bb global_colors_info=\u00bb{}\u00bb]<\/p>\n<h2 class=\"p1\"><span style=\"color: #e09900;\"><strong><img loading=\"lazy\" decoding=\"async\" src=\"https:\/\/expoplasticos.mx\/2026\/wp-content\/uploads\/2025\/08\/FlechaBullet-1.png\" width=\"9\" height=\"15\" alt=\"\" class=\"wp-image-987492065 alignnone size-full\" \/> <\/strong><\/span><span style=\"color: #e09d00;\"><strong><span style=\"font-size: medium; color: #666666;\">Horario:<br \/><\/span><\/strong><\/span><span style=\"color: #8300e9;\"><strong>12:00 a 13:30<\/strong><\/span><\/h2>\n<p>[\/et_pb_text][et_pb_blurb title=\u00bbPonente\u00bb image_icon_background_color=\u00bb#000000&#8243; image=\u00bbhttps:\/\/expoplasticos.mx\/2026\/wp-content\/uploads\/2026\/03\/Jeronimo-Garcia.webp\u00bb icon_placement=\u00bbleft\u00bb image_icon_width=\u00bb91px\u00bb content_max_width=\u00bb100%\u00bb image_icon_width_tablet=\u00bb48px\u00bb image_icon_width_phone=\u00bb48px\u00bb image_icon_width_last_edited=\u00bbon|desktop\u00bb module_id=\u00bbbio\u00bb module_class=\u00bbbio\u00bb _builder_version=\u00bb4.27.4&#8243; _module_preset=\u00bb896b174a-9f2e-4e51-9b1c-d942bf8dce05&#8243; header_font=\u00bbPoppins|600||on|||||\u00bb header_text_color=\u00bb#0C71C3&#8243; header_font_size=\u00bb12px\u00bb header_letter_spacing=\u00bb2px\u00bb header_line_height=\u00bb1.2em\u00bb body_font=\u00bbRubik|300||on|||||\u00bb body_text_color=\u00bb#000000&#8243; body_font_size=\u00bb15px\u00bb body_line_height=\u00bb1em\u00bb background_layout=\u00bbdark\u00bb custom_padding=\u00bb|15px||||\u00bb animation=\u00bboff\u00bb header_font_size_tablet=\u00bb16px\u00bb header_font_size_phone=\u00bb14px\u00bb header_font_size_last_edited=\u00bbon|desktop\u00bb body_font_size_tablet=\u00bb20px\u00bb body_font_size_phone=\u00bb18px\u00bb body_font_size_last_edited=\u00bbon|phone\u00bb border_radii_image=\u00bbon|1304px|1304px|1304px|1304px\u00bb border_width_all_image=\u00bb3px\u00bb border_color_all_image=\u00bb#007FE0&#8243; image_max_width=\u00bb64px\u00bb image_max_width_tablet=\u00bb48px\u00bb image_max_width_phone=\u00bb\u00bb image_max_width_last_edited=\u00bbon|phone\u00bb locked=\u00bboff\u00bb global_colors_info=\u00bb{}\u00bb]<\/p>\n<p class=\"p1\"><strong>Jer\u00f3nimo E. Garc\u00eda de Brahi<\/strong><\/p>\n<p class=\"p1\">Consejero Delegado en AlphaVentures<\/p>\n<p>[\/et_pb_blurb][\/et_pb_column][et_pb_column type=\u00bb2_3&#8243; _builder_version=\u00bb4.27.4&#8243; _module_preset=\u00bbdefault\u00bb global_colors_info=\u00bb{}\u00bb][et_pb_text _builder_version=\u00bb4.27.4&#8243; _module_preset=\u00bbdefault\u00bb header_font_size=\u00bb25px\u00bb custom_margin=\u00bb||9px|||\u00bb custom_padding=\u00bb|24px||||\u00bb global_colors_info=\u00bb{}\u00bb]<\/p>\n<h1><strong>Desde el consejo hasta la planta: la IA atraviesa toda la empresa.<\/strong><\/h1>\n<p><span>La Inteligencia Artificial dej\u00f3 de ser una tecnolog\u00eda experimental o una promesa futura para convertirse en un factor competitivo real en la industria. Hoy impacta directamente en c\u00f3mo se planea la producci\u00f3n, se administra el negocio, se vende, se controla el dinero y se toman decisiones estrat\u00e9gicas.<\/span><\/p>\n<p>[\/et_pb_text][et_pb_button button_url=\u00bbhttps:\/\/expoplasticos.mx\/2026\/desde-el-consejo-hasta-la-planta-la-ia-atraviesa-toda-la-empresa\/\u00bb button_text=\u00bbLeer m\u00e1s\u00bb button_alignment=\u00bbright\u00bb module_id=\u00bbboton\u00bb module_class=\u00bbboton\u00bb _builder_version=\u00bb4.27.4&#8243; _module_preset=\u00bbdefault\u00bb custom_button=\u00bbon\u00bb button_text_size=\u00bb13px\u00bb button_text_color=\u00bb#FFFFFF\u00bb button_bg_color=\u00bb#0C71C3&#8243; button_border_width=\u00bb0px\u00bb custom_margin=\u00bb|28px|||false|false\u00bb custom_padding=\u00bb||||false|false\u00bb global_colors_info=\u00bb{}\u00bb][\/et_pb_button][\/et_pb_column][\/et_pb_row][et_pb_row column_structure=\u00bb1_3,2_3&#8243; _builder_version=\u00bb4.27.4&#8243; _module_preset=\u00bbdefault\u00bb min_height=\u00bb210.9px\u00bb border_width_bottom=\u00bb1px\u00bb global_colors_info=\u00bb{}\u00bb][et_pb_column type=\u00bb1_3&#8243; _builder_version=\u00bb4.27.4&#8243; _module_preset=\u00bbdefault\u00bb global_colors_info=\u00bb{}\u00bb][et_pb_text _builder_version=\u00bb4.27.4&#8243; _module_preset=\u00bbdefault\u00bb text_text_color=\u00bb#0C71C3&#8243; text_font_size=\u00bb21px\u00bb custom_margin=\u00bb||20px||false|false\u00bb custom_padding=\u00bb||0px|12px||\u00bb global_colors_info=\u00bb{}\u00bb]<\/p>\n<h2 class=\"p1\"><span style=\"color: #e09900;\"><strong><img loading=\"lazy\" decoding=\"async\" src=\"https:\/\/expoplasticos.mx\/2026\/wp-content\/uploads\/2025\/08\/FlechaBullet-1.png\" width=\"9\" height=\"15\" alt=\"\" class=\"wp-image-987492065 alignnone size-full\" \/> <\/strong><\/span><span style=\"color: #e09d00;\"><strong><span style=\"font-size: medium; color: #666666;\">Horario:<br \/><\/span><\/strong><\/span><span style=\"color: #8300e9;\"><strong>14:30 a 15:30<\/strong><\/span><\/h2>\n<p>[\/et_pb_text][et_pb_blurb title=\u00bbPonente\u00bb image_icon_background_color=\u00bb#000000&#8243; image=\u00bbhttps:\/\/expoplasticos.mx\/2026\/wp-content\/uploads\/2025\/11\/Gabriel-Cisneros.webp\u00bb icon_placement=\u00bbleft\u00bb image_icon_width=\u00bb91px\u00bb content_max_width=\u00bb100%\u00bb image_icon_width_tablet=\u00bb48px\u00bb image_icon_width_phone=\u00bb48px\u00bb image_icon_width_last_edited=\u00bbon|desktop\u00bb module_id=\u00bbbio\u00bb module_class=\u00bbbio\u00bb _builder_version=\u00bb4.27.4&#8243; _module_preset=\u00bb896b174a-9f2e-4e51-9b1c-d942bf8dce05&#8243; header_font=\u00bbPoppins|600||on|||||\u00bb header_text_color=\u00bb#0C71C3&#8243; header_font_size=\u00bb12px\u00bb header_letter_spacing=\u00bb2px\u00bb header_line_height=\u00bb1.2em\u00bb body_font=\u00bbRubik|300||on|||||\u00bb body_text_color=\u00bb#000000&#8243; body_font_size=\u00bb15px\u00bb body_line_height=\u00bb1em\u00bb background_layout=\u00bbdark\u00bb custom_padding=\u00bb|15px||||\u00bb animation=\u00bboff\u00bb header_font_size_tablet=\u00bb16px\u00bb header_font_size_phone=\u00bb14px\u00bb header_font_size_last_edited=\u00bbon|desktop\u00bb body_font_size_tablet=\u00bb20px\u00bb body_font_size_phone=\u00bb18px\u00bb body_font_size_last_edited=\u00bbon|phone\u00bb border_radii_image=\u00bbon|1304px|1304px|1304px|1304px\u00bb border_width_all_image=\u00bb3px\u00bb border_color_all_image=\u00bb#007FE0&#8243; image_max_width=\u00bb64px\u00bb image_max_width_tablet=\u00bb48px\u00bb image_max_width_phone=\u00bb\u00bb image_max_width_last_edited=\u00bbon|phone\u00bb locked=\u00bboff\u00bb global_colors_info=\u00bb{}\u00bb]<\/p>\n<p class=\"p1\"><strong>Gabriel Cisneros<\/strong><\/p>\n<p class=\"p1\">Training &amp; Digital Solutions Manager en ENGEL M\u00e9xico<\/p>\n<p class=\"p1\"><img loading=\"lazy\" decoding=\"async\" src=\"https:\/\/expoplasticos.mx\/2026\/wp-content\/uploads\/2025\/11\/ENGEL-schwarz-150x39.webp\" width=\"135\" height=\"35\" alt=\"\" class=\"wp-image-987494708 alignnone size-thumbnail\" srcset=\"https:\/\/expoplasticos.mx\/2026\/wp-content\/uploads\/2025\/11\/ENGEL-schwarz-150x39.webp 150w, https:\/\/expoplasticos.mx\/2026\/wp-content\/uploads\/2025\/11\/ENGEL-schwarz.webp 155w\" sizes=\"(max-width: 135px) 100vw, 135px\" \/><\/p>\n<p>[\/et_pb_blurb][\/et_pb_column][et_pb_column type=\u00bb2_3&#8243; _builder_version=\u00bb4.27.4&#8243; _module_preset=\u00bbdefault\u00bb global_colors_info=\u00bb{}\u00bb][et_pb_text _builder_version=\u00bb4.27.4&#8243; _module_preset=\u00bbdefault\u00bb header_font_size=\u00bb25px\u00bb custom_margin=\u00bb||9px|||\u00bb custom_padding=\u00bb|24px||||\u00bb global_colors_info=\u00bb{}\u00bb]<\/p>\n<h1><strong>IA en moldeo por inyecci\u00f3n: del dato invisible a la acci\u00f3n inteligente.<\/strong><\/h1>\n<p class=\"p1\">Acomp\u00e1\u00f1enos para conocer c\u00f3mo:<br \/>Detectar desviaciones antes de que impacten la calidad.<br \/>Usar IA como asistente para diagn\u00f3stico, optimizaci\u00f3n y toma de decisiones.<br \/>Simplificar la vida del t\u00e9cnico y mejorar el control de producci\u00f3n.<br \/>Lograr eficiencia energ\u00e9tica y estabilidad con menor dependencia del factor humano.<\/p>\n<p>[\/et_pb_text][et_pb_button button_url=\u00bbhttps:\/\/expoplasticos.mx\/2026\/ia-en-moldeo-por-inyeccion-del-dato-invisible-a-la-accion-inteligente\/\u00bb button_text=\u00bbLeer m\u00e1s\u00bb button_alignment=\u00bbright\u00bb module_id=\u00bbboton\u00bb module_class=\u00bbboton\u00bb _builder_version=\u00bb4.27.4&#8243; _module_preset=\u00bbdefault\u00bb custom_button=\u00bbon\u00bb button_text_size=\u00bb13px\u00bb button_text_color=\u00bb#FFFFFF\u00bb button_bg_color=\u00bb#0C71C3&#8243; button_border_width=\u00bb0px\u00bb custom_margin=\u00bb|28px|||false|false\u00bb custom_padding=\u00bb||||false|false\u00bb global_colors_info=\u00bb{}\u00bb][\/et_pb_button][\/et_pb_column][\/et_pb_row][et_pb_row column_structure=\u00bb1_3,2_3&#8243; _builder_version=\u00bb4.27.4&#8243; _module_preset=\u00bbdefault\u00bb min_height=\u00bb210.9px\u00bb custom_css_free_form=\u00bb.divi-centrar-vertical {||  display: flex;||  flex-direction: column; \/* para columnas *\/||  justify-content: center; \/* centra verticalmente *\/||  height: 100%; \/* asegura usar toda la altura del contenedor *\/||}\u00bb border_width_bottom=\u00bb1px\u00bb global_colors_info=\u00bb{}\u00bb][et_pb_column type=\u00bb1_3&#8243; _builder_version=\u00bb4.27.4&#8243; _module_preset=\u00bbdefault\u00bb global_colors_info=\u00bb{}\u00bb][et_pb_text _builder_version=\u00bb4.27.4&#8243; _module_preset=\u00bbdefault\u00bb text_text_color=\u00bb#0C71C3&#8243; text_font_size=\u00bb21px\u00bb custom_margin=\u00bb||20px||false|false\u00bb custom_padding=\u00bb||0px|12px||\u00bb global_colors_info=\u00bb{}\u00bb]<\/p>\n<h2 class=\"p1\"><span style=\"color: #e09900;\"><strong><img loading=\"lazy\" decoding=\"async\" src=\"https:\/\/expoplasticos.mx\/2026\/wp-content\/uploads\/2025\/08\/FlechaBullet-1.png\" width=\"9\" height=\"15\" alt=\"\" class=\"wp-image-987492065 alignnone size-full\" \/> <\/strong><\/span><span style=\"color: #e09d00;\"><strong><span style=\"font-size: medium; color: #666666;\">Horario:<br \/><\/span><\/strong><\/span><span style=\"color: #8300e9;\"><strong>15:30 a 16:30<\/strong><\/span><\/h2>\n<p>[\/et_pb_text][et_pb_blurb title=\u00bbPonente\u00bb image_icon_background_color=\u00bb#000000&#8243; image=\u00bbhttps:\/\/expoplasticos.mx\/2026\/wp-content\/uploads\/2025\/11\/2190812.webp\u00bb icon_placement=\u00bbleft\u00bb image_icon_width=\u00bb91px\u00bb content_max_width=\u00bb100%\u00bb image_icon_width_tablet=\u00bb48px\u00bb image_icon_width_phone=\u00bb48px\u00bb image_icon_width_last_edited=\u00bboff|desktop\u00bb module_id=\u00bbbio\u00bb module_class=\u00bbbio\u00bb _builder_version=\u00bb4.27.4&#8243; _module_preset=\u00bb896b174a-9f2e-4e51-9b1c-d942bf8dce05&#8243; header_font=\u00bbPoppins|600||on|||||\u00bb header_text_color=\u00bb#0C71C3&#8243; header_font_size=\u00bb12px\u00bb header_letter_spacing=\u00bb2px\u00bb header_line_height=\u00bb1.2em\u00bb body_font=\u00bbRubik|300||on|||||\u00bb body_text_color=\u00bb#000000&#8243; body_font_size=\u00bb15px\u00bb body_line_height=\u00bb1em\u00bb background_layout=\u00bbdark\u00bb custom_margin=\u00bb|||-2px||\u00bb custom_padding=\u00bb|15px||||\u00bb animation=\u00bboff\u00bb hover_enabled=\u00bb0&#8243; header_font_size_tablet=\u00bb16px\u00bb header_font_size_phone=\u00bb14px\u00bb header_font_size_last_edited=\u00bbon|desktop\u00bb body_font_size_tablet=\u00bb20px\u00bb body_font_size_phone=\u00bb18px\u00bb body_font_size_last_edited=\u00bbon|phone\u00bb border_radii_image=\u00bbon|166px|166px|166px|166px\u00bb border_width_all_image=\u00bb3px\u00bb border_color_all_image=\u00bb#007FE0&#8243; image_max_width=\u00bb64px\u00bb image_max_width_tablet=\u00bb48px\u00bb image_max_width_phone=\u00bb\u00bb image_max_width_last_edited=\u00bbon|phone\u00bb locked=\u00bboff\u00bb global_colors_info=\u00bb{}\u00bb sticky_enabled=\u00bb0&#8243;]<\/p>\n<p class=\"p1\"><strong>Monica Conde<\/strong><\/p>\n<p class=\"p1\">Directora General de Grupo Ambiente Pl\u00e1stico<\/p>\n<p class=\"p1\"><img loading=\"lazy\" decoding=\"async\" src=\"https:\/\/expoplasticos.mx\/2026\/wp-content\/uploads\/2025\/11\/AP-1.webp\" width=\"151\" height=\"28\" alt=\"\" class=\"wp-image-987494722 alignnone size-full\" \/><\/p>\n<p>[\/et_pb_blurb][\/et_pb_column][et_pb_column type=\u00bb2_3&#8243; _builder_version=\u00bb4.27.4&#8243; _module_preset=\u00bbdefault\u00bb global_colors_info=\u00bb{}\u00bb][et_pb_text _builder_version=\u00bb4.27.4&#8243; _module_preset=\u00bbdefault\u00bb header_font_size=\u00bb25px\u00bb custom_margin=\u00bb||9px|||\u00bb custom_padding=\u00bb|24px||||\u00bb global_colors_info=\u00bb{}\u00bb]<\/p>\n<h1><span><strong>Perspectivas de la Industria del Pl\u00e1stico 2026.<\/strong><br \/><\/span><\/h1>\n<p>Brindar informaci\u00f3n estad\u00edstica actualizada sobre el mercado de pl\u00e1sticos, con datos de alto valor que apoyen una toma de decisiones m\u00e1s informada y estrat\u00e9gica en los negocios del sector.<\/p>\n<p>[\/et_pb_text][et_pb_button button_url=\u00bbhttps:\/\/expoplasticos.mx\/2026\/perspectivas-de-la-industria-del-plastico-2026\/\u00bb button_text=\u00bbLeer m\u00e1s\u00bb button_alignment=\u00bbright\u00bb module_id=\u00bbboton\u00bb module_class=\u00bbboton\u00bb _builder_version=\u00bb4.27.4&#8243; _module_preset=\u00bbdefault\u00bb custom_button=\u00bbon\u00bb button_text_size=\u00bb13px\u00bb button_text_color=\u00bb#FFFFFF\u00bb button_bg_color=\u00bb#0C71C3&#8243; button_border_width=\u00bb0px\u00bb custom_margin=\u00bb|28px|||false|false\u00bb custom_padding=\u00bb||||false|false\u00bb global_colors_info=\u00bb{}\u00bb][\/et_pb_button][\/et_pb_column][\/et_pb_row][et_pb_row column_structure=\u00bb1_3,2_3&#8243; _builder_version=\u00bb4.27.4&#8243; _module_preset=\u00bbdefault\u00bb min_height=\u00bb210.9px\u00bb custom_css_free_form=\u00bb.divi-centrar-vertical {||  display: flex;||  flex-direction: column; \/* para columnas *\/||  justify-content: center; \/* centra verticalmente *\/||  height: 100%; \/* asegura usar toda la altura del contenedor *\/||}\u00bb border_width_bottom=\u00bb1px\u00bb global_colors_info=\u00bb{}\u00bb][et_pb_column type=\u00bb1_3&#8243; _builder_version=\u00bb4.27.4&#8243; _module_preset=\u00bbdefault\u00bb global_colors_info=\u00bb{}\u00bb][et_pb_text _builder_version=\u00bb4.27.4&#8243; _module_preset=\u00bbdefault\u00bb text_text_color=\u00bb#0C71C3&#8243; text_font_size=\u00bb21px\u00bb custom_margin=\u00bb||20px||false|false\u00bb custom_padding=\u00bb||0px|12px||\u00bb global_colors_info=\u00bb{}\u00bb]<\/p>\n<h2 class=\"p1\"><span style=\"color: #e09900;\"><strong><img loading=\"lazy\" decoding=\"async\" src=\"https:\/\/expoplasticos.mx\/2026\/wp-content\/uploads\/2025\/08\/FlechaBullet-1.png\" width=\"9\" height=\"15\" alt=\"\" class=\"wp-image-987492065 alignnone size-full\" \/> <\/strong><\/span><span style=\"color: #e09d00;\"><strong><span style=\"font-size: medium; color: #666666;\">Horario:<br \/><\/span><\/strong><\/span><span style=\"color: #8300e9;\"><strong>17:00 a 17:30<\/strong><\/span><\/h2>\n<p>[\/et_pb_text][et_pb_blurb title=\u00bbPonente\u00bb image_icon_background_color=\u00bb#000000&#8243; image=\u00bbhttps:\/\/expoplasticos.mx\/2026\/wp-content\/uploads\/2025\/08\/4.-Helber-Caceres.webp\u00bb icon_placement=\u00bbleft\u00bb image_icon_width=\u00bb91px\u00bb content_max_width=\u00bb100%\u00bb image_icon_width_tablet=\u00bb48px\u00bb image_icon_width_phone=\u00bb48px\u00bb image_icon_width_last_edited=\u00bboff|desktop\u00bb module_id=\u00bbbio\u00bb module_class=\u00bbbio\u00bb _builder_version=\u00bb4.27.4&#8243; _module_preset=\u00bb896b174a-9f2e-4e51-9b1c-d942bf8dce05&#8243; header_font=\u00bbPoppins|600||on|||||\u00bb header_text_color=\u00bb#0C71C3&#8243; header_font_size=\u00bb12px\u00bb header_letter_spacing=\u00bb2px\u00bb header_line_height=\u00bb1.2em\u00bb body_font=\u00bbRubik|300||on|||||\u00bb body_text_color=\u00bb#000000&#8243; body_font_size=\u00bb15px\u00bb body_line_height=\u00bb1em\u00bb background_layout=\u00bbdark\u00bb custom_padding=\u00bb|15px||||\u00bb animation=\u00bboff\u00bb header_font_size_tablet=\u00bb16px\u00bb header_font_size_phone=\u00bb14px\u00bb header_font_size_last_edited=\u00bbon|desktop\u00bb body_font_size_tablet=\u00bb20px\u00bb body_font_size_phone=\u00bb18px\u00bb body_font_size_last_edited=\u00bbon|phone\u00bb border_radii_image=\u00bbon|166px|166px|166px|166px\u00bb border_width_all_image=\u00bb3px\u00bb border_color_all_image=\u00bb#007FE0&#8243; image_max_width=\u00bb64px\u00bb image_max_width_tablet=\u00bb48px\u00bb image_max_width_phone=\u00bb\u00bb image_max_width_last_edited=\u00bbon|phone\u00bb locked=\u00bboff\u00bb global_colors_info=\u00bb{}\u00bb]<\/p>\n<p class=\"p1\"><strong>Helber C\u00e1ceres<\/strong><\/p>\n<p class=\"p1\">Gerente Divisi\u00f3n Optics en BRUKER MEXICANA<\/p>\n<p class=\"p1\"><img loading=\"lazy\" decoding=\"async\" src=\"https:\/\/expoplasticos.mx\/2026\/wp-content\/uploads\/2025\/11\/Copia-de-Bruker.webp\" width=\"108\" height=\"58\" alt=\"\" class=\"wp-image-987494723 alignnone size-full\" \/><\/p>\n<p>[\/et_pb_blurb][\/et_pb_column][et_pb_column type=\u00bb2_3&#8243; _builder_version=\u00bb4.27.4&#8243; _module_preset=\u00bbdefault\u00bb global_colors_info=\u00bb{}\u00bb][et_pb_text _builder_version=\u00bb4.27.4&#8243; _module_preset=\u00bbdefault\u00bb header_font_size=\u00bb25px\u00bb custom_margin=\u00bb||9px|||\u00bb custom_padding=\u00bb|24px||||\u00bb global_colors_info=\u00bb{}\u00bb]<\/p>\n<h1><span><strong>Micropl\u00e1sticos: Nuevas formas de an\u00e1lisis.<\/strong><br \/><\/span><\/h1>\n<p>Dar a conocer la forma en que los micro pl\u00e1sticos se encuentran en productos cotidianos, su aumento en concentraci\u00f3n y la forma de detectarlos.<\/p>\n<p>[\/et_pb_text][et_pb_button button_url=\u00bbhttps:\/\/expoplasticos.mx\/2026\/microplasticos-nuevas-formas-de-analisis\/\u00bb button_text=\u00bbLeer m\u00e1s\u00bb button_alignment=\u00bbright\u00bb module_id=\u00bbboton\u00bb module_class=\u00bbboton\u00bb _builder_version=\u00bb4.27.4&#8243; _module_preset=\u00bbdefault\u00bb custom_button=\u00bbon\u00bb button_text_size=\u00bb13px\u00bb button_text_color=\u00bb#FFFFFF\u00bb button_bg_color=\u00bb#0C71C3&#8243; button_border_width=\u00bb0px\u00bb custom_margin=\u00bb|28px|||false|false\u00bb custom_padding=\u00bb||||false|false\u00bb global_colors_info=\u00bb{}\u00bb][\/et_pb_button][\/et_pb_column][\/et_pb_row][et_pb_row _builder_version=\u00bb4.27.4&#8243; _module_preset=\u00bbdefault\u00bb background_color=\u00bb#7cc400&#8243; width_tablet=\u00bb\u00bb width_phone=\u00bb95%\u00bb width_last_edited=\u00bbon|phone\u00bb custom_margin=\u00bb|auto|29px|auto||\u00bb custom_padding=\u00bb||15px|||\u00bb global_colors_info=\u00bb{}\u00bb][et_pb_column type=\u00bb4_4&#8243; _builder_version=\u00bb4.27.4&#8243; _module_preset=\u00bbdefault\u00bb global_colors_info=\u00bb{}\u00bb][et_pb_text _builder_version=\u00bb4.27.4&#8243; _module_preset=\u00bbdefault\u00bb text_font=\u00bbBebas Neue||||||||\u00bb text_text_color=\u00bb#FFFFFF\u00bb text_font_size=\u00bb38px\u00bb text_orientation=\u00bbcenter\u00bb custom_margin=\u00bb||7px|||\u00bb global_colors_info=\u00bb{}\u00bb]<\/p>\n<p>JUEVES 26 DE MARZO 2026<\/p>\n<p>[\/et_pb_text][\/et_pb_column][\/et_pb_row][et_pb_row column_structure=\u00bb1_3,2_3&#8243; _builder_version=\u00bb4.27.4&#8243; _module_preset=\u00bbdefault\u00bb min_height=\u00bb210.9px\u00bb border_width_bottom=\u00bb1px\u00bb global_colors_info=\u00bb{}\u00bb][et_pb_column type=\u00bb1_3&#8243; _builder_version=\u00bb4.27.4&#8243; _module_preset=\u00bbdefault\u00bb global_colors_info=\u00bb{}\u00bb][et_pb_text _builder_version=\u00bb4.27.4&#8243; _module_preset=\u00bbdefault\u00bb text_text_color=\u00bb#0C71C3&#8243; text_font_size=\u00bb21px\u00bb custom_margin=\u00bb||20px||false|false\u00bb custom_padding=\u00bb0px||0px|12px||\u00bb global_colors_info=\u00bb{}\u00bb]<\/p>\n<h2 class=\"p1\"><span style=\"color: #e09900;\"><strong><img loading=\"lazy\" decoding=\"async\" src=\"https:\/\/expoplasticos.mx\/2026\/wp-content\/uploads\/2025\/08\/FlechaBullet-1.png\" width=\"9\" height=\"15\" alt=\"\" class=\"wp-image-987492065 alignnone size-full\" \/> <\/strong><\/span><span style=\"color: #e09d00;\"><strong><span style=\"font-size: medium; color: #666666;\">Horario:<br \/><\/span><\/strong><\/span><span style=\"color: #7cc400;\"><strong>13:00 a 13:40<\/strong><\/span><\/h2>\n<p>[\/et_pb_text][et_pb_blurb title=\u00bbPonente\u00bb image_icon_background_color=\u00bb#000000&#8243; image=\u00bbhttps:\/\/expoplasticos.mx\/2026\/wp-content\/uploads\/2026\/03\/Guillermo-Alfonso.webp\u00bb icon_placement=\u00bbleft\u00bb image_icon_width=\u00bb91px\u00bb content_max_width=\u00bb100%\u00bb image_icon_width_tablet=\u00bb48px\u00bb image_icon_width_phone=\u00bb48px\u00bb image_icon_width_last_edited=\u00bboff|desktop\u00bb module_id=\u00bbbio\u00bb module_class=\u00bbbio\u00bb _builder_version=\u00bb4.27.4&#8243; _module_preset=\u00bb896b174a-9f2e-4e51-9b1c-d942bf8dce05&#8243; header_font=\u00bbPoppins|600||on|||||\u00bb header_text_color=\u00bb#0C71C3&#8243; header_font_size=\u00bb12px\u00bb header_letter_spacing=\u00bb2px\u00bb header_line_height=\u00bb1.2em\u00bb body_font=\u00bbRubik|300||on|||||\u00bb body_text_color=\u00bb#000000&#8243; body_font_size=\u00bb15px\u00bb body_line_height=\u00bb1em\u00bb background_layout=\u00bbdark\u00bb custom_padding=\u00bb|15px||||\u00bb animation=\u00bboff\u00bb header_font_size_tablet=\u00bb16px\u00bb header_font_size_phone=\u00bb14px\u00bb header_font_size_last_edited=\u00bbon|desktop\u00bb body_font_size_tablet=\u00bb20px\u00bb body_font_size_phone=\u00bb18px\u00bb body_font_size_last_edited=\u00bbon|phone\u00bb border_radii_image=\u00bbon|166px|166px|166px|166px\u00bb border_width_all_image=\u00bb3px\u00bb border_color_all_image=\u00bb#007FE0&#8243; image_max_width=\u00bb64px\u00bb image_max_width_tablet=\u00bb48px\u00bb image_max_width_phone=\u00bb\u00bb image_max_width_last_edited=\u00bbon|phone\u00bb locked=\u00bboff\u00bb global_colors_info=\u00bb{}\u00bb]<\/p>\n<p class=\"p1\"><strong>Guillermo Alfonzo<\/strong><\/p>\n<p class=\"p1\">PhD en Ingenia Polymers<\/p>\n<p class=\"p1\"><img loading=\"lazy\" decoding=\"async\" src=\"https:\/\/expoplasticos.mx\/2026\/wp-content\/uploads\/2026\/03\/ingenia.png\" width=\"155\" height=\"47\" alt=\"\" class=\"wp-image-987498418 alignnone size-full\" \/><\/p>\n<p>[\/et_pb_blurb][\/et_pb_column][et_pb_column type=\u00bb2_3&#8243; _builder_version=\u00bb4.27.4&#8243; _module_preset=\u00bbdefault\u00bb global_colors_info=\u00bb{}\u00bb][et_pb_text _builder_version=\u00bb4.27.4&#8243; _module_preset=\u00bbdefault\u00bb header_font_size=\u00bb25px\u00bb custom_margin=\u00bb||9px|||\u00bb custom_padding=\u00bb|24px||||\u00bb global_colors_info=\u00bb{}\u00bb]<\/p>\n<h1><span><strong>Soluciones aditivas para impulsar la reciclabilidad de pel\u00edculas barrera y multicapa.<\/strong><br \/>\n<\/span><\/h1>\n<p>Esta presentaci\u00f3n propone soluciones aditivas que mejoran la reciclabilidad de pel\u00edculas de poliolefinas y estructuras multicapa.<br \/>\nSe explora el uso de masterbatches antioxidantes y del compatibilizante INCIRCLE\u00ae IP1601 para recuperar pel\u00edculas barrera y reutilizar desperdicio post industrial.[\/et_pb_text][et_pb_button button_url=\u00bbhttps:\/\/expoplasticos.mx\/2026\/soluciones-aditivas-para-impulsar-la-reciclabilidad-de-peliculas-barrera-y-multicapa\/\u00bb button_text=\u00bbLeer m\u00e1s\u00bb button_alignment=\u00bbright\u00bb module_id=\u00bbboton\u00bb module_class=\u00bbboton\u00bb _builder_version=\u00bb4.27.4&#8243; _module_preset=\u00bbdefault\u00bb custom_button=\u00bbon\u00bb button_text_size=\u00bb13px\u00bb button_text_color=\u00bb#FFFFFF\u00bb button_bg_color=\u00bb#0C71C3&#8243; button_border_width=\u00bb0px\u00bb custom_margin=\u00bb|28px|||false|false\u00bb custom_padding=\u00bb||||false|false\u00bb global_colors_info=\u00bb{}\u00bb][\/et_pb_button][\/et_pb_column][\/et_pb_row][et_pb_row column_structure=\u00bb1_3,2_3&#8243; _builder_version=\u00bb4.27.4&#8243; _module_preset=\u00bbdefault\u00bb min_height=\u00bb210.9px\u00bb border_width_bottom=\u00bb1px\u00bb global_colors_info=\u00bb{}\u00bb][et_pb_column type=\u00bb1_3&#8243; _builder_version=\u00bb4.27.4&#8243; _module_preset=\u00bbdefault\u00bb global_colors_info=\u00bb{}\u00bb][et_pb_text _builder_version=\u00bb4.27.4&#8243; _module_preset=\u00bbdefault\u00bb text_text_color=\u00bb#0C71C3&#8243; text_font_size=\u00bb21px\u00bb custom_margin=\u00bb||20px||false|false\u00bb custom_padding=\u00bb0px||0px|12px||\u00bb global_colors_info=\u00bb{}\u00bb]<\/p>\n<h2 class=\"p1\"><span style=\"color: #e09900;\"><strong><img loading=\"lazy\" decoding=\"async\" src=\"https:\/\/expoplasticos.mx\/2026\/wp-content\/uploads\/2025\/08\/FlechaBullet-1.png\" width=\"9\" height=\"15\" alt=\"\" class=\"wp-image-987492065 alignnone size-full\" \/> <\/strong><\/span><span style=\"color: #e09d00;\"><strong><span style=\"font-size: medium; color: #666666;\">Horario:<br \/><\/span><\/strong><\/span><span style=\"color: #7cc400;\"><strong>14:30 a 15:00<\/strong><\/span><\/h2>\n<p>[\/et_pb_text][et_pb_blurb title=\u00bbPonente\u00bb image_icon_background_color=\u00bb#000000&#8243; image=\u00bbhttps:\/\/expoplasticos.mx\/2026\/wp-content\/uploads\/2025\/11\/219821.webp\u00bb icon_placement=\u00bbleft\u00bb image_icon_width=\u00bb91px\u00bb content_max_width=\u00bb100%\u00bb image_icon_width_tablet=\u00bb48px\u00bb image_icon_width_phone=\u00bb48px\u00bb image_icon_width_last_edited=\u00bboff|desktop\u00bb module_id=\u00bbbio\u00bb module_class=\u00bbbio\u00bb _builder_version=\u00bb4.27.4&#8243; _module_preset=\u00bb896b174a-9f2e-4e51-9b1c-d942bf8dce05&#8243; header_font=\u00bbPoppins|600||on|||||\u00bb header_text_color=\u00bb#0C71C3&#8243; header_font_size=\u00bb12px\u00bb header_letter_spacing=\u00bb2px\u00bb header_line_height=\u00bb1.2em\u00bb body_font=\u00bbRubik|300||on|||||\u00bb body_text_color=\u00bb#000000&#8243; body_font_size=\u00bb15px\u00bb body_line_height=\u00bb1em\u00bb background_layout=\u00bbdark\u00bb custom_padding=\u00bb|15px||||\u00bb animation=\u00bboff\u00bb header_font_size_tablet=\u00bb16px\u00bb header_font_size_phone=\u00bb14px\u00bb header_font_size_last_edited=\u00bbon|desktop\u00bb body_font_size_tablet=\u00bb20px\u00bb body_font_size_phone=\u00bb18px\u00bb body_font_size_last_edited=\u00bbon|phone\u00bb border_radii_image=\u00bbon|166px|166px|166px|166px\u00bb border_width_all_image=\u00bb3px\u00bb border_color_all_image=\u00bb#007FE0&#8243; image_max_width=\u00bb64px\u00bb image_max_width_tablet=\u00bb48px\u00bb image_max_width_phone=\u00bb\u00bb image_max_width_last_edited=\u00bbon|phone\u00bb locked=\u00bboff\u00bb global_colors_info=\u00bb{}\u00bb]<\/p>\n<p class=\"p1\"><strong>Dr. Alejandro Luna<\/strong><\/p>\n<p class=\"p1\">Director de Capacitaci\u00f3n e Innovaci\u00f3n Tecnol\u00f3gica de la AMMMT<span class=\"Apple-converted-space\"><br \/><\/span>y Director del Centro de Innovaci\u00f3n en Moldes y Troqueles de Chihuahua<\/p>\n<p class=\"p1\"><img loading=\"lazy\" decoding=\"async\" src=\"https:\/\/expoplasticos.mx\/2026\/wp-content\/uploads\/2025\/11\/AMMMT-Alta-Resolucion.webp\" width=\"77\" height=\"77\" alt=\"\" class=\"wp-image-987494739 alignnone size-full\" \/><\/p>\n<p class=\"p1\">[\/et_pb_blurb][\/et_pb_column][et_pb_column type=\u00bb2_3&#8243; _builder_version=\u00bb4.27.4&#8243; _module_preset=\u00bbdefault\u00bb global_colors_info=\u00bb{}\u00bb][et_pb_text _builder_version=\u00bb4.27.4&#8243; _module_preset=\u00bbdefault\u00bb header_font_size=\u00bb25px\u00bb custom_margin=\u00bb||9px|||\u00bb custom_padding=\u00bb|24px||||\u00bb global_colors_info=\u00bb{}\u00bb]<\/p>\n<h1><span><strong>Importancia de los valores de caracterizaci\u00f3n del pol\u00edmero al dise\u00f1o de moldes para inyecci\u00f3n.<\/strong><br \/><\/span><\/h1>\n<p class=\"p1\">A trav\u00e9s de la participaci\u00f3n en est\u00e1 conferencia, los asistentes observar\u00e1n la importancia de la aplicaci\u00f3n correcta de los valores de caracterizaci\u00f3n de un pol\u00edmero en la simulaci\u00f3n num\u00e9rica y el uso de los datos obtenidos en el proceso de dise\u00f1o y manufactura de un molde para inyecci\u00f3n.<\/p>\n<p>[\/et_pb_text][et_pb_button button_url=\u00bbhttps:\/\/expoplasticos.mx\/2026\/importancia-de-los-valores-de-caracterizacion-del-polimero-al-diseno-de-moldes-para-inyeccion\/\u00bb button_text=\u00bbLeer m\u00e1s\u00bb button_alignment=\u00bbright\u00bb module_id=\u00bbboton\u00bb module_class=\u00bbboton\u00bb _builder_version=\u00bb4.27.4&#8243; _module_preset=\u00bbdefault\u00bb custom_button=\u00bbon\u00bb button_text_size=\u00bb13px\u00bb button_text_color=\u00bb#FFFFFF\u00bb button_bg_color=\u00bb#0C71C3&#8243; button_border_width=\u00bb0px\u00bb custom_margin=\u00bb|28px|||false|false\u00bb custom_padding=\u00bb||||false|false\u00bb global_colors_info=\u00bb{}\u00bb][\/et_pb_button][\/et_pb_column][\/et_pb_row][et_pb_row column_structure=\u00bb1_3,2_3&#8243; _builder_version=\u00bb4.27.4&#8243; _module_preset=\u00bbdefault\u00bb min_height=\u00bb210.9px\u00bb border_width_bottom=\u00bb1px\u00bb global_colors_info=\u00bb{}\u00bb][et_pb_column type=\u00bb1_3&#8243; _builder_version=\u00bb4.27.4&#8243; _module_preset=\u00bbdefault\u00bb global_colors_info=\u00bb{}\u00bb][et_pb_text _builder_version=\u00bb4.27.4&#8243; _module_preset=\u00bbdefault\u00bb text_text_color=\u00bb#0C71C3&#8243; text_font_size=\u00bb21px\u00bb custom_margin=\u00bb||20px||false|false\u00bb custom_padding=\u00bb0px||0px|12px||\u00bb global_colors_info=\u00bb{}\u00bb]<\/p>\n<h2 class=\"p1\"><span style=\"color: #e09900;\"><strong><img loading=\"lazy\" decoding=\"async\" src=\"https:\/\/expoplasticos.mx\/2026\/wp-content\/uploads\/2025\/08\/FlechaBullet-1.png\" width=\"9\" height=\"15\" alt=\"\" class=\"wp-image-987492065 alignnone size-full\" \/> <\/strong><\/span><span style=\"color: #e09d00;\"><strong><span style=\"font-size: medium; color: #666666;\">Horario:<br \/><\/span><\/strong><\/span><span style=\"color: #7cc400;\"><strong>15:00 a 15:30<\/strong><\/span><\/h2>\n<p>[\/et_pb_text][et_pb_blurb title=\u00bbPonente\u00bb image_icon_background_color=\u00bb#000000&#8243; image=\u00bbhttps:\/\/expoplasticos.mx\/2026\/wp-content\/uploads\/2026\/03\/Christian-Sommer.webp\u00bb icon_placement=\u00bbleft\u00bb image_icon_width=\u00bb91px\u00bb content_max_width=\u00bb100%\u00bb image_icon_width_tablet=\u00bb48px\u00bb image_icon_width_phone=\u00bb48px\u00bb image_icon_width_last_edited=\u00bboff|desktop\u00bb module_id=\u00bbbio\u00bb module_class=\u00bbbio\u00bb _builder_version=\u00bb4.27.4&#8243; _module_preset=\u00bb896b174a-9f2e-4e51-9b1c-d942bf8dce05&#8243; header_font=\u00bbPoppins|600||on|||||\u00bb header_text_color=\u00bb#0C71C3&#8243; header_font_size=\u00bb12px\u00bb header_letter_spacing=\u00bb2px\u00bb header_line_height=\u00bb1.2em\u00bb body_font=\u00bbRubik|300||on|||||\u00bb body_text_color=\u00bb#000000&#8243; body_font_size=\u00bb15px\u00bb body_line_height=\u00bb1em\u00bb background_layout=\u00bbdark\u00bb custom_padding=\u00bb|15px||||\u00bb animation=\u00bboff\u00bb header_font_size_tablet=\u00bb16px\u00bb header_font_size_phone=\u00bb14px\u00bb header_font_size_last_edited=\u00bbon|desktop\u00bb body_font_size_tablet=\u00bb20px\u00bb body_font_size_phone=\u00bb18px\u00bb body_font_size_last_edited=\u00bbon|phone\u00bb border_radii_image=\u00bbon|166px|166px|166px|166px\u00bb border_width_all_image=\u00bb3px\u00bb border_color_all_image=\u00bb#007FE0&#8243; image_max_width=\u00bb64px\u00bb image_max_width_tablet=\u00bb48px\u00bb image_max_width_phone=\u00bb\u00bb image_max_width_last_edited=\u00bbon|phone\u00bb locked=\u00bboff\u00bb global_colors_info=\u00bb{}\u00bb]<\/p>\n<p class=\"p1\"><strong>Christian Somme<\/strong><\/p>\n<p><span>Director de ventas de aplicaciones en EREMA Engineering Recycling.<\/span><\/p>\n<p class=\"p1\"><img loading=\"lazy\" decoding=\"async\" src=\"https:\/\/expoplasticos.mx\/2026\/wp-content\/uploads\/2026\/03\/Erema.png\" width=\"155\" height=\"47\" alt=\"\" class=\"wp-image-987498422 alignnone size-full\" \/><\/p>\n<p class=\"p1\">[\/et_pb_blurb][\/et_pb_column][et_pb_column type=\u00bb2_3&#8243; _builder_version=\u00bb4.27.4&#8243; _module_preset=\u00bbdefault\u00bb global_colors_info=\u00bb{}\u00bb][et_pb_text _builder_version=\u00bb4.27.4&#8243; _module_preset=\u00bbdefault\u00bb header_font_size=\u00bb25px\u00bb custom_margin=\u00bb||9px|||\u00bb custom_padding=\u00bb|24px||||\u00bb global_colors_info=\u00bb{}\u00bb]<\/p>\n<h1><span><strong>Residuos posconsumo y posindustriales.<\/strong><br \/><\/span><\/h1>\n<p><span>El objetivo de la conferencia es presentar la tecnolog\u00eda de filtraci\u00f3n avanzada y compacta Duafil en el campo de las aplicaciones posconsumo y posindustriales.<\/span><\/p>\n<p>[\/et_pb_text][et_pb_button button_url=\u00bbhttps:\/\/expoplasticos.mx\/2026\/residuos-posconsumo-y-posindustriales\/\u00bb button_text=\u00bbLeer m\u00e1s\u00bb button_alignment=\u00bbright\u00bb module_id=\u00bbboton\u00bb module_class=\u00bbboton\u00bb _builder_version=\u00bb4.27.4&#8243; _module_preset=\u00bbdefault\u00bb custom_button=\u00bbon\u00bb button_text_size=\u00bb13px\u00bb button_text_color=\u00bb#FFFFFF\u00bb button_bg_color=\u00bb#0C71C3&#8243; button_border_width=\u00bb0px\u00bb custom_margin=\u00bb|28px|||false|false\u00bb custom_padding=\u00bb||||false|false\u00bb global_colors_info=\u00bb{}\u00bb][\/et_pb_button][\/et_pb_column][\/et_pb_row][et_pb_row column_structure=\u00bb1_3,2_3&#8243; _builder_version=\u00bb4.27.4&#8243; _module_preset=\u00bbdefault\u00bb min_height=\u00bb210.9px\u00bb border_width_bottom=\u00bb1px\u00bb global_colors_info=\u00bb{}\u00bb][et_pb_column type=\u00bb1_3&#8243; _builder_version=\u00bb4.27.4&#8243; _module_preset=\u00bbdefault\u00bb global_colors_info=\u00bb{}\u00bb][et_pb_text _builder_version=\u00bb4.27.4&#8243; _module_preset=\u00bbdefault\u00bb text_text_color=\u00bb#0C71C3&#8243; text_font_size=\u00bb21px\u00bb custom_margin=\u00bb||20px||false|false\u00bb custom_padding=\u00bb0px||0px|12px||\u00bb global_colors_info=\u00bb{}\u00bb]<\/p>\n<h2 class=\"p1\"><span style=\"color: #e09900;\"><strong><img loading=\"lazy\" decoding=\"async\" src=\"https:\/\/expoplasticos.mx\/2026\/wp-content\/uploads\/2025\/08\/FlechaBullet-1.png\" width=\"9\" height=\"15\" alt=\"\" class=\"wp-image-987492065 alignnone size-full\" \/> <\/strong><\/span><span style=\"color: #e09d00;\"><strong><span style=\"font-size: medium; color: #666666;\">Horario:<br \/><\/span><\/strong><\/span><span style=\"color: #7cc400;\"><strong>16:00 a 16:30<\/strong><\/span><\/h2>\n<p>[\/et_pb_text][et_pb_blurb title=\u00bbPonente\u00bb image_icon_background_color=\u00bb#000000&#8243; image=\u00bbhttps:\/\/expoplasticos.mx\/2026\/wp-content\/uploads\/2025\/11\/Gabriela-Teruel-.webp\u00bb icon_placement=\u00bbleft\u00bb image_icon_width=\u00bb91px\u00bb content_max_width=\u00bb100%\u00bb image_icon_width_tablet=\u00bb48px\u00bb image_icon_width_phone=\u00bb48px\u00bb image_icon_width_last_edited=\u00bboff|desktop\u00bb module_id=\u00bbbio\u00bb module_class=\u00bbbio\u00bb _builder_version=\u00bb4.27.4&#8243; _module_preset=\u00bb896b174a-9f2e-4e51-9b1c-d942bf8dce05&#8243; header_font=\u00bbPoppins|600||on|||||\u00bb header_text_color=\u00bb#0C71C3&#8243; header_font_size=\u00bb12px\u00bb header_letter_spacing=\u00bb2px\u00bb header_line_height=\u00bb1.2em\u00bb body_font=\u00bbRubik|300||on|||||\u00bb body_text_color=\u00bb#000000&#8243; body_font_size=\u00bb15px\u00bb body_line_height=\u00bb1em\u00bb background_layout=\u00bbdark\u00bb custom_padding=\u00bb|15px||||\u00bb animation=\u00bboff\u00bb header_font_size_tablet=\u00bb16px\u00bb header_font_size_phone=\u00bb14px\u00bb header_font_size_last_edited=\u00bbon|desktop\u00bb body_font_size_tablet=\u00bb20px\u00bb body_font_size_phone=\u00bb18px\u00bb body_font_size_last_edited=\u00bbon|phone\u00bb border_radii_image=\u00bbon|166px|166px|166px|166px\u00bb border_width_all_image=\u00bb3px\u00bb border_color_all_image=\u00bb#007FE0&#8243; image_max_width=\u00bb64px\u00bb image_max_width_tablet=\u00bb48px\u00bb image_max_width_phone=\u00bb\u00bb image_max_width_last_edited=\u00bbon|phone\u00bb locked=\u00bboff\u00bb global_colors_info=\u00bb{}\u00bb]<\/p>\n<p class=\"p1\"><strong>Ing. Gabriela Teruel Robles,<\/strong><\/p>\n<p class=\"p1\">Gerente de Aftersales en Mexico y Centroam\u00e9rica<\/p>\n<p class=\"p1\"><img loading=\"lazy\" decoding=\"async\" src=\"https:\/\/expoplasticos.mx\/2026\/wp-content\/uploads\/2025\/11\/Copia-de-BuschMx-150x47.webp\" width=\"131\" height=\"41\" alt=\"\" class=\"wp-image-987494724 alignnone size-thumbnail\" srcset=\"https:\/\/expoplasticos.mx\/2026\/wp-content\/uploads\/2025\/11\/Copia-de-BuschMx-150x47.webp 150w, https:\/\/expoplasticos.mx\/2026\/wp-content\/uploads\/2025\/11\/Copia-de-BuschMx.webp 155w\" sizes=\"(max-width: 131px) 100vw, 131px\" \/><\/p>\n<p>[\/et_pb_blurb][\/et_pb_column][et_pb_column type=\u00bb2_3&#8243; _builder_version=\u00bb4.27.4&#8243; _module_preset=\u00bbdefault\u00bb global_colors_info=\u00bb{}\u00bb][et_pb_text _builder_version=\u00bb4.27.4&#8243; _module_preset=\u00bbdefault\u00bb header_font_size=\u00bb25px\u00bb custom_margin=\u00bb||9px|||\u00bb custom_padding=\u00bb|24px||||\u00bb global_colors_info=\u00bb{}\u00bb]<\/p>\n<h1><span><strong>Mantenimiento inteligente: c\u00f3mo alargar la vida \u00fatil de sus equipos de vac\u00edo.<\/strong><br \/><\/span><\/h1>\n<p>Descubra c\u00f3mo el mantenimiento inteligente de sus equipos de vac\u00edo puede transformar su producci\u00f3n. Aprenda pr\u00e1cticas clave, herramientas digitales y estrategias proactivas que le ayudar\u00e1n a reducir costos, evitar paros inesperados y alargar la vida \u00fatil de su maquinaria en la industria del pl\u00e1stico.<\/p>\n<p>[\/et_pb_text][et_pb_button button_url=\u00bbhttps:\/\/expoplasticos.mx\/2026\/mantenimiento-inteligente-como-alargar-la-vida-util-de-sus-equipos-de-vacio\/\u00bb button_text=\u00bbLeer m\u00e1s\u00bb button_alignment=\u00bbright\u00bb module_id=\u00bbboton\u00bb module_class=\u00bbboton\u00bb _builder_version=\u00bb4.27.4&#8243; _module_preset=\u00bbdefault\u00bb custom_button=\u00bbon\u00bb button_text_size=\u00bb13px\u00bb button_text_color=\u00bb#FFFFFF\u00bb button_bg_color=\u00bb#0C71C3&#8243; button_border_width=\u00bb0px\u00bb custom_margin=\u00bb|28px|||false|false\u00bb custom_padding=\u00bb||||false|false\u00bb global_colors_info=\u00bb{}\u00bb][\/et_pb_button][\/et_pb_column][\/et_pb_row][et_pb_row _builder_version=\u00bb4.27.4&#8243; _module_preset=\u00bbdefault\u00bb background_color=\u00bb#e0e0e0&#8243; background_enable_pattern_style=\u00bbon\u00bb background_pattern_style=\u00bbdiagonal-stripes\u00bb background_pattern_color=\u00bbrgba(0,0,0,0.07)\u00bb background_pattern_size=\u00bbcustom\u00bb background_pattern_width=\u00bb12px\u00bb background_pattern_horizontal_offset=\u00bb1%\u00bb background_pattern_vertical_offset=\u00bb1%\u00bb width=\u00bb95%\u00bb custom_margin=\u00bb22px|auto|29px|auto||\u00bb custom_padding=\u00bb||15px|||\u00bb global_colors_info=\u00bb{}\u00bb][et_pb_column type=\u00bb4_4&#8243; _builder_version=\u00bb4.27.4&#8243; _module_preset=\u00bbdefault\u00bb global_colors_info=\u00bb{}\u00bb][et_pb_text _builder_version=\u00bb4.27.4&#8243; _module_preset=\u00bbdefault\u00bb text_font=\u00bbBebas Neue||||||||\u00bb text_text_color=\u00bb#FFFFFF\u00bb text_font_size=\u00bb42px\u00bb text_orientation=\u00bbcenter\u00bb custom_margin=\u00bb||7px|||\u00bb global_colors_info=\u00bb{}\u00bb]<\/p>\n<p>CLAUSURA<\/p>\n<p>[\/et_pb_text][\/et_pb_column][\/et_pb_row][\/et_pb_section]<\/p>\n","protected":false},"excerpt":{"rendered":"<p>conferencias especializadasBienvenido al Ciclo de Conferencias Especializadas de Expo Pl\u00e1sticos 2026 No te pierdas esta oportunidad \u00fanica para obtener conocimiento estrat\u00e9gico y herramientas clave para mantener tu empresa competitiva en el ciclo de conferencias especializadas.MARTES 24 DE MARZO 2026 Horario:12:00 a 13:30 hrs.Andrea Carraza Editora de la Revista Tecnolog\u00eda del Pl\u00e1stico Conectar t\u00e1ctica con historias: el camino para un marketing efectivo en la industria del pl\u00e1stico. Mostrar c\u00f3mo el storytelling y el marketing de contenidos pueden alinear la t\u00e1ctica con la esencia de las empresas del sector pl\u00e1stico, ayud\u00e1ndolas a posicionarse con autenticidad, visibilidad y prop\u00f3sito en un mercado cada vez m\u00e1s digital y competitivo. Horario:15:00 a 15:30 hrs.Pierino Martinato Division Manager, PET Preforms &amp; Bottles GN\u00b3 Secado a tres etapas de temperatura para cambios r\u00e1pidos Los procesadores de PET y rPET se ven sometidos a una presi\u00f3n cada vez mayor para acortar los cambios de resina, reducir el consumo de energ\u00eda y garantizar un rendimiento de secado constante, al tiempo que cumplen los requisitos de conformidad con los COV y los objetivos de calidad. Para hacer frente a estos retos, Piovan ha presentado GN\u00b3, el sistema de secado en tres etapas dise\u00f1ado para proporcionar una deshumidificaci\u00f3n suave y profunda [&hellip;]<\/p>\n","protected":false},"author":2,"featured_media":0,"parent":0,"menu_order":0,"comment_status":"closed","ping_status":"closed","template":"","meta":{"_et_pb_use_builder":"on","_et_pb_old_content":"","_et_gb_content_width":"","cybocfi_hide_featured_image":"","footnotes":""},"class_list":["post-85","page","type-page","status-publish","hentry"],"yoast_head":"<!-- This site is optimized with the Yoast SEO plugin v26.5 - https:\/\/yoast.com\/wordpress\/plugins\/seo\/ -->\n<title>CONFERENCIAS - Expo Pl\u00e1sticos 2027<\/title>\n<meta name=\"robots\" content=\"index, follow, max-snippet:-1, max-image-preview:large, max-video-preview:-1\" \/>\n<link rel=\"canonical\" href=\"https:\/\/expoplasticos.mx\/2026\/conferencias\/\" \/>\n<meta property=\"og:locale\" content=\"es_ES\" \/>\n<meta property=\"og:type\" content=\"article\" \/>\n<meta property=\"og:title\" content=\"CONFERENCIAS - Expo Pl\u00e1sticos 2027\" \/>\n<meta property=\"og:description\" content=\"conferencias especializadasBienvenido al Ciclo de Conferencias Especializadas de Expo Pl\u00e1sticos 2026 No te pierdas esta oportunidad \u00fanica para obtener conocimiento estrat\u00e9gico y herramientas clave para mantener tu empresa competitiva en el ciclo de conferencias especializadas.MARTES 24 DE MARZO 2026 Horario:12:00 a 13:30 hrs.Andrea Carraza Editora de la Revista Tecnolog\u00eda del Pl\u00e1stico Conectar t\u00e1ctica con historias: el camino para un marketing efectivo en la industria del pl\u00e1stico. Mostrar c\u00f3mo el storytelling y el marketing de contenidos pueden alinear la t\u00e1ctica con la esencia de las empresas del sector pl\u00e1stico, ayud\u00e1ndolas a posicionarse con autenticidad, visibilidad y prop\u00f3sito en un mercado cada vez m\u00e1s digital y competitivo. Horario:15:00 a 15:30 hrs.Pierino Martinato Division Manager, PET Preforms &amp; Bottles GN\u00b3 Secado a tres etapas de temperatura para cambios r\u00e1pidos Los procesadores de PET y rPET se ven sometidos a una presi\u00f3n cada vez mayor para acortar los cambios de resina, reducir el consumo de energ\u00eda y garantizar un rendimiento de secado constante, al tiempo que cumplen los requisitos de conformidad con los COV y los objetivos de calidad. Para hacer frente a estos retos, Piovan ha presentado GN\u00b3, el sistema de secado en tres etapas dise\u00f1ado para proporcionar una deshumidificaci\u00f3n suave y profunda [&hellip;]\" \/>\n<meta property=\"og:url\" content=\"https:\/\/expoplasticos.mx\/2026\/conferencias\/\" \/>\n<meta property=\"og:site_name\" content=\"Expo Pl\u00e1sticos 2027\" \/>\n<meta property=\"article:publisher\" content=\"http:\/\/www.facebook.com\/ExpoPlasticos\" \/>\n<meta property=\"article:modified_time\" content=\"2026-03-20T21:52:41+00:00\" \/>\n<meta property=\"og:image\" content=\"https:\/\/expoplasticos.mx\/2026\/wp-content\/uploads\/2025\/08\/FlechaBullet-1.png\" \/>\n\t<meta property=\"og:image:width\" content=\"9\" \/>\n\t<meta property=\"og:image:height\" content=\"15\" \/>\n\t<meta property=\"og:image:type\" content=\"image\/png\" \/>\n<meta name=\"twitter:card\" content=\"summary_large_image\" \/>\n<meta name=\"twitter:site\" content=\"@expoplasticos\" \/>\n<meta name=\"twitter:label1\" content=\"Tiempo de lectura\" \/>\n\t<meta name=\"twitter:data1\" content=\"29 minutos\" \/>\n<script type=\"application\/ld+json\" class=\"yoast-schema-graph\">{\"@context\":\"https:\/\/schema.org\",\"@graph\":[{\"@type\":\"WebPage\",\"@id\":\"https:\/\/expoplasticos.mx\/2026\/conferencias\/\",\"url\":\"https:\/\/expoplasticos.mx\/2026\/conferencias\/\",\"name\":\"CONFERENCIAS - Expo Pl\u00e1sticos 2027\",\"isPartOf\":{\"@id\":\"https:\/\/expoplasticos.mx\/2026\/#website\"},\"primaryImageOfPage\":{\"@id\":\"https:\/\/expoplasticos.mx\/2026\/conferencias\/#primaryimage\"},\"image\":{\"@id\":\"https:\/\/expoplasticos.mx\/2026\/conferencias\/#primaryimage\"},\"thumbnailUrl\":\"https:\/\/expoplasticos.mx\/2026\/wp-content\/uploads\/2025\/08\/FlechaBullet-1.png\",\"datePublished\":\"2025-08-11T20:27:52+00:00\",\"dateModified\":\"2026-03-20T21:52:41+00:00\",\"breadcrumb\":{\"@id\":\"https:\/\/expoplasticos.mx\/2026\/conferencias\/#breadcrumb\"},\"inLanguage\":\"es\",\"potentialAction\":[{\"@type\":\"ReadAction\",\"target\":[\"https:\/\/expoplasticos.mx\/2026\/conferencias\/\"]}]},{\"@type\":\"ImageObject\",\"inLanguage\":\"es\",\"@id\":\"https:\/\/expoplasticos.mx\/2026\/conferencias\/#primaryimage\",\"url\":\"https:\/\/expoplasticos.mx\/2026\/wp-content\/uploads\/2025\/08\/FlechaBullet-1.png\",\"contentUrl\":\"https:\/\/expoplasticos.mx\/2026\/wp-content\/uploads\/2025\/08\/FlechaBullet-1.png\",\"width\":9,\"height\":15},{\"@type\":\"BreadcrumbList\",\"@id\":\"https:\/\/expoplasticos.mx\/2026\/conferencias\/#breadcrumb\",\"itemListElement\":[{\"@type\":\"ListItem\",\"position\":1,\"name\":\"Inicio\",\"item\":\"https:\/\/expoplasticos.mx\/2026\/\"},{\"@type\":\"ListItem\",\"position\":2,\"name\":\"CONFERENCIAS\"}]},{\"@type\":\"WebSite\",\"@id\":\"https:\/\/expoplasticos.mx\/2026\/#website\",\"url\":\"https:\/\/expoplasticos.mx\/2026\/\",\"name\":\"Expo Pl\u00e1sticos 2026\",\"description\":\"El punto de encuentro para la transformaci\u00f3n de la industria del pl\u00e1stico\",\"publisher\":{\"@id\":\"https:\/\/expoplasticos.mx\/2026\/#organization\"},\"potentialAction\":[{\"@type\":\"SearchAction\",\"target\":{\"@type\":\"EntryPoint\",\"urlTemplate\":\"https:\/\/expoplasticos.mx\/2026\/?s={search_term_string}\"},\"query-input\":{\"@type\":\"PropertyValueSpecification\",\"valueRequired\":true,\"valueName\":\"search_term_string\"}}],\"inLanguage\":\"es\"},{\"@type\":\"Organization\",\"@id\":\"https:\/\/expoplasticos.mx\/2026\/#organization\",\"name\":\"Expo Pl\u00e1sticos 2026\",\"url\":\"https:\/\/expoplasticos.mx\/2026\/\",\"logo\":{\"@type\":\"ImageObject\",\"inLanguage\":\"es\",\"@id\":\"https:\/\/expoplasticos.mx\/2026\/#\/schema\/logo\/image\/\",\"url\":\"https:\/\/expoplasticos.mx\/2026\/wp-content\/uploads\/2025\/10\/EP26_LogYoast.webp\",\"contentUrl\":\"https:\/\/expoplasticos.mx\/2026\/wp-content\/uploads\/2025\/10\/EP26_LogYoast.webp\",\"width\":875,\"height\":286,\"caption\":\"Expo Pl\u00e1sticos 2026\"},\"image\":{\"@id\":\"https:\/\/expoplasticos.mx\/2026\/#\/schema\/logo\/image\/\"},\"sameAs\":[\"http:\/\/www.facebook.com\/ExpoPlasticos\",\"https:\/\/x.com\/expoplasticos\",\"http:\/\/www.instagram.com\/ExpoPlasticos\",\"https:\/\/www.linkedin.com\/company\/expoplasticos\/posts\/?feedView=all\",\"https:\/\/www.youtube.com\/@ExpoPlasticos\"]}]}<\/script>\n<!-- \/ Yoast SEO plugin. -->","yoast_head_json":{"title":"CONFERENCIAS - Expo Pl\u00e1sticos 2027","robots":{"index":"index","follow":"follow","max-snippet":"max-snippet:-1","max-image-preview":"max-image-preview:large","max-video-preview":"max-video-preview:-1"},"canonical":"https:\/\/expoplasticos.mx\/2026\/conferencias\/","og_locale":"es_ES","og_type":"article","og_title":"CONFERENCIAS - Expo Pl\u00e1sticos 2027","og_description":"conferencias especializadasBienvenido al Ciclo de Conferencias Especializadas de Expo Pl\u00e1sticos 2026 No te pierdas esta oportunidad \u00fanica para obtener conocimiento estrat\u00e9gico y herramientas clave para mantener tu empresa competitiva en el ciclo de conferencias especializadas.MARTES 24 DE MARZO 2026 Horario:12:00 a 13:30 hrs.Andrea Carraza Editora de la Revista Tecnolog\u00eda del Pl\u00e1stico Conectar t\u00e1ctica con historias: el camino para un marketing efectivo en la industria del pl\u00e1stico. Mostrar c\u00f3mo el storytelling y el marketing de contenidos pueden alinear la t\u00e1ctica con la esencia de las empresas del sector pl\u00e1stico, ayud\u00e1ndolas a posicionarse con autenticidad, visibilidad y prop\u00f3sito en un mercado cada vez m\u00e1s digital y competitivo. Horario:15:00 a 15:30 hrs.Pierino Martinato Division Manager, PET Preforms &amp; Bottles GN\u00b3 Secado a tres etapas de temperatura para cambios r\u00e1pidos Los procesadores de PET y rPET se ven sometidos a una presi\u00f3n cada vez mayor para acortar los cambios de resina, reducir el consumo de energ\u00eda y garantizar un rendimiento de secado constante, al tiempo que cumplen los requisitos de conformidad con los COV y los objetivos de calidad. Para hacer frente a estos retos, Piovan ha presentado GN\u00b3, el sistema de secado en tres etapas dise\u00f1ado para proporcionar una deshumidificaci\u00f3n suave y profunda [&hellip;]","og_url":"https:\/\/expoplasticos.mx\/2026\/conferencias\/","og_site_name":"Expo Pl\u00e1sticos 2027","article_publisher":"http:\/\/www.facebook.com\/ExpoPlasticos","article_modified_time":"2026-03-20T21:52:41+00:00","og_image":[{"width":9,"height":15,"url":"https:\/\/expoplasticos.mx\/2026\/wp-content\/uploads\/2025\/08\/FlechaBullet-1.png","type":"image\/png"}],"twitter_card":"summary_large_image","twitter_site":"@expoplasticos","twitter_misc":{"Tiempo de lectura":"29 minutos"},"schema":{"@context":"https:\/\/schema.org","@graph":[{"@type":"WebPage","@id":"https:\/\/expoplasticos.mx\/2026\/conferencias\/","url":"https:\/\/expoplasticos.mx\/2026\/conferencias\/","name":"CONFERENCIAS - Expo Pl\u00e1sticos 2027","isPartOf":{"@id":"https:\/\/expoplasticos.mx\/2026\/#website"},"primaryImageOfPage":{"@id":"https:\/\/expoplasticos.mx\/2026\/conferencias\/#primaryimage"},"image":{"@id":"https:\/\/expoplasticos.mx\/2026\/conferencias\/#primaryimage"},"thumbnailUrl":"https:\/\/expoplasticos.mx\/2026\/wp-content\/uploads\/2025\/08\/FlechaBullet-1.png","datePublished":"2025-08-11T20:27:52+00:00","dateModified":"2026-03-20T21:52:41+00:00","breadcrumb":{"@id":"https:\/\/expoplasticos.mx\/2026\/conferencias\/#breadcrumb"},"inLanguage":"es","potentialAction":[{"@type":"ReadAction","target":["https:\/\/expoplasticos.mx\/2026\/conferencias\/"]}]},{"@type":"ImageObject","inLanguage":"es","@id":"https:\/\/expoplasticos.mx\/2026\/conferencias\/#primaryimage","url":"https:\/\/expoplasticos.mx\/2026\/wp-content\/uploads\/2025\/08\/FlechaBullet-1.png","contentUrl":"https:\/\/expoplasticos.mx\/2026\/wp-content\/uploads\/2025\/08\/FlechaBullet-1.png","width":9,"height":15},{"@type":"BreadcrumbList","@id":"https:\/\/expoplasticos.mx\/2026\/conferencias\/#breadcrumb","itemListElement":[{"@type":"ListItem","position":1,"name":"Inicio","item":"https:\/\/expoplasticos.mx\/2026\/"},{"@type":"ListItem","position":2,"name":"CONFERENCIAS"}]},{"@type":"WebSite","@id":"https:\/\/expoplasticos.mx\/2026\/#website","url":"https:\/\/expoplasticos.mx\/2026\/","name":"Expo Pl\u00e1sticos 2026","description":"El punto de encuentro para la transformaci\u00f3n de la industria del pl\u00e1stico","publisher":{"@id":"https:\/\/expoplasticos.mx\/2026\/#organization"},"potentialAction":[{"@type":"SearchAction","target":{"@type":"EntryPoint","urlTemplate":"https:\/\/expoplasticos.mx\/2026\/?s={search_term_string}"},"query-input":{"@type":"PropertyValueSpecification","valueRequired":true,"valueName":"search_term_string"}}],"inLanguage":"es"},{"@type":"Organization","@id":"https:\/\/expoplasticos.mx\/2026\/#organization","name":"Expo Pl\u00e1sticos 2026","url":"https:\/\/expoplasticos.mx\/2026\/","logo":{"@type":"ImageObject","inLanguage":"es","@id":"https:\/\/expoplasticos.mx\/2026\/#\/schema\/logo\/image\/","url":"https:\/\/expoplasticos.mx\/2026\/wp-content\/uploads\/2025\/10\/EP26_LogYoast.webp","contentUrl":"https:\/\/expoplasticos.mx\/2026\/wp-content\/uploads\/2025\/10\/EP26_LogYoast.webp","width":875,"height":286,"caption":"Expo Pl\u00e1sticos 2026"},"image":{"@id":"https:\/\/expoplasticos.mx\/2026\/#\/schema\/logo\/image\/"},"sameAs":["http:\/\/www.facebook.com\/ExpoPlasticos","https:\/\/x.com\/expoplasticos","http:\/\/www.instagram.com\/ExpoPlasticos","https:\/\/www.linkedin.com\/company\/expoplasticos\/posts\/?feedView=all","https:\/\/www.youtube.com\/@ExpoPlasticos"]}]}},"_links":{"self":[{"href":"https:\/\/expoplasticos.mx\/2026\/wp-json\/wp\/v2\/pages\/85","targetHints":{"allow":["GET"]}}],"collection":[{"href":"https:\/\/expoplasticos.mx\/2026\/wp-json\/wp\/v2\/pages"}],"about":[{"href":"https:\/\/expoplasticos.mx\/2026\/wp-json\/wp\/v2\/types\/page"}],"author":[{"embeddable":true,"href":"https:\/\/expoplasticos.mx\/2026\/wp-json\/wp\/v2\/users\/2"}],"replies":[{"embeddable":true,"href":"https:\/\/expoplasticos.mx\/2026\/wp-json\/wp\/v2\/comments?post=85"}],"version-history":[{"count":100,"href":"https:\/\/expoplasticos.mx\/2026\/wp-json\/wp\/v2\/pages\/85\/revisions"}],"predecessor-version":[{"id":987498473,"href":"https:\/\/expoplasticos.mx\/2026\/wp-json\/wp\/v2\/pages\/85\/revisions\/987498473"}],"wp:attachment":[{"href":"https:\/\/expoplasticos.mx\/2026\/wp-json\/wp\/v2\/media?parent=85"}],"curies":[{"name":"wp","href":"https:\/\/api.w.org\/{rel}","templated":true}]}}